{"id":32812,"date":"2019-07-05T10:24:23","date_gmt":"2019-07-05T13:24:23","guid":{"rendered":"http:\/\/csbc2019.sbc.org.br\/?page_id=32812"},"modified":"2019-07-05T11:01:06","modified_gmt":"2019-07-05T14:01:06","slug":"programacao","status":"publish","type":"page","link":"https:\/\/www4.sbc.org.br\/2019\/?page_id=32812","title":{"rendered":"PROGRAMA\u00c7\u00c3O &#8211; CQEB"},"content":{"rendered":"<p>[et_pb_section bb_built=&#8221;1&#8243; admin_label=&#8221;Se\u00e7\u00e3o&#8221; custom_padding_last_edited=&#8221;on|desktop&#8221; _builder_version=&#8221;3.3.1&#8243; background_color=&#8221;#ffffff&#8221; background_image=&#8221;https:\/\/www4.sbc.org.br\/2019\/wp-content\/uploads\/2018\/05\/apresentacao.jpg&#8221; background_position=&#8221;top_center&#8221; custom_padding=&#8221;0px||0px|&#8221; custom_padding_tablet=&#8221;50px|0|50px|0&#8243; next_background_color=&#8221;#ffffff&#8221;][et_pb_row admin_label=&#8221;Linha&#8221; padding_mobile=&#8221;off&#8221; column_padding_mobile=&#8221;on&#8221; parallax_method_1=&#8221;off&#8221; _builder_version=&#8221;3.3.1&#8243; background_size=&#8221;initial&#8221; background_position=&#8221;top_left&#8221; background_repeat=&#8221;repeat&#8221;][et_pb_column type=&#8221;4_4&#8243;][et_pb_image admin_label=&#8221;N\u00c3O MEXA &#8211; Imagem&#8221; align=&#8221;center&#8221; always_center_on_mobile=&#8221;off&#8221; disabled_on=&#8221;on|on|&#8221; _builder_version=&#8221;3.3.1&#8243; max_width=&#8221;215px&#8221;]<br \/>\n[\/et_pb_image][et_pb_text admin_label=&#8221;Texto&#8221; _builder_version=&#8221;3.3.1&#8243; background_size=&#8221;initial&#8221; background_position=&#8221;top_left&#8221; background_repeat=&#8221;repeat&#8221;]<\/p>\n<h1 style=\"text-align: center;\"><span style=\"color: #ffffff;\"><strong>CQEB<\/strong><\/span><\/h1>\n<p>[\/et_pb_text][et_pb_text admin_label=&#8221;Texto&#8221; _builder_version=&#8221;3.3.1&#8243; background_size=&#8221;initial&#8221; background_position=&#8221;top_left&#8221; background_repeat=&#8221;repeat&#8221;]<\/p>\n<h3 style=\"text-align: center; color: #ffffff;\"><strong>Curso de Qualidade em Ensino de Computa\u00e7\u00e3o na Educa\u00e7\u00e3o B\u00e1sica<\/strong><\/h3>\n<p>[\/et_pb_text][\/et_pb_column][\/et_pb_row][\/et_pb_section][et_pb_section bb_built=&#8221;1&#8243; admin_label=&#8221;Se\u00e7\u00e3o&#8221; specialty=&#8221;on&#8221; custom_padding_last_edited=&#8221;on|desktop&#8221; parallax_method_1=&#8221;off&#8221; parallax_method_2=&#8221;off&#8221; _builder_version=&#8221;3.3.1&#8243; background_color=&#8221;#ffffff&#8221; background_image=&#8221;https:\/\/www4.sbc.org.br\/2019\/wp-content\/uploads\/2018\/06\/back02.jpg&#8221; parallax=&#8221;on&#8221; custom_padding=&#8221;12px|0px|12px|0px&#8221; custom_padding_tablet=&#8221;50px|0|50px|0&#8243; prev_background_color=&#8221;#ffffff&#8221; next_background_color=&#8221;#ffffff&#8221;][et_pb_column type=&#8221;1_4&#8243;][et_pb_sidebar admin_label=&#8221;Barra Lateral&#8221; area=&#8221;sidebar-1&#8243; disabled_on=&#8221;on|on|off&#8221; _builder_version=&#8221;3.0.47&#8243; header_font=&#8221;||||&#8221; body_font=&#8221;|on||on|&#8221; show_border=&#8221;on&#8221;]<br \/>\n[\/et_pb_sidebar][\/et_pb_column][et_pb_column type=&#8221;3_4&#8243; specialty_columns=&#8221;3&#8243;][et_pb_row_inner _builder_version=&#8221;3.3.1&#8243;][et_pb_column_inner type=&#8221;4_4&#8243; saved_specialty_column_type=&#8221;3_4&#8243;][et_pb_text admin_label=&#8221;Texto&#8221; _builder_version=&#8221;3.3.1&#8243; background_size=&#8221;initial&#8221; background_position=&#8221;top_left&#8221; background_repeat=&#8221;repeat&#8221;]<\/p>\n<div id=\"Quarta\"><\/div>\n<table class=\"table-striped table-hover table-responsive\" style=\"width: 795px;\">\n<tbody>\n<tr>\n<td class=\"roudedcell\" style=\"width: 3244.33px;\" colspan=\"2\">Domingo &#8211; 14 de Julho<\/td>\n<\/tr>\n<tr>\n<td class=\"roudedcell\" style=\"width: 380px;\">Hor\u00e1rios<\/td>\n<td class=\"roudedcell\" style=\"width: 2864.33px;\">Evento<\/td>\n<\/tr>\n<tr>\n<td class=\"roudedcell\" style=\"width: 380px;\">08:30 a\u0300s 09:00<\/td>\n<td class=\"celularoxoescuro\" style=\"width: 2864.33px;\"><strong>Registro<\/strong><\/td>\n<\/tr>\n<tr>\n<td class=\"roudedcell\" style=\"width: 380px;\">09:00 a\u0300s 10:30<\/td>\n<td class=\"celularoxoescuro\" style=\"width: 2874.33px;\" colspan=\"2\"><strong><em>Computa\u00e7\u00e3o: O que \u00e9 e porque ensinar na Educa\u00e7\u00e3o B\u00e1sica<\/em><\/strong><\/p>\n<p><i><span lang=\"PT-BR\">Leila Ribeiro\u00a0<\/span><\/i><\/td>\n<\/tr>\n<tr>\n<td class=\"roudedcell\" style=\"width: 380px;\">10:30 a\u0300s 12:00<\/td>\n<td class=\"celularoxoescuro\" style=\"width: 2864.33px;\"><strong><em>Diretrizes da SBC para Ensino de Computa\u00e7\u00e3o na Educa\u00e7\u00e3o B\u00e1sica<\/em><\/strong><\/p>\n<p>Simone Andr\u00e9 da Costa Cavalheiro<\/p>\n<p>Renata Galante<\/p>\n<p>Wagner Meira Jr<\/p>\n<p>Daniel de Angelis Cordeiro<\/td>\n<\/tr>\n<tr>\n<td class=\"roudedcell\" style=\"width: 380px;\">12:00 a\u0300s 14:00<\/td>\n<td class=\"celularoxoescuro\" style=\"width: 2874.33px;\" colspan=\"2\">Almoc\u0327o<\/td>\n<\/tr>\n<tr>\n<td class=\"roudedcell\" style=\"width: 380px;\">14:00 a\u0300s 16:00<\/td>\n<td class=\"celularoxoescuro\" style=\"width: 2864.33px;\"><strong><em>Itiner\u00e1rio Formativo Computa\u00e7\u00e3o (parte 1)<\/em><\/strong><\/p>\n<p>Simone Andr\u00e9 da Costa Cavalheiro<\/p>\n<p>Wagner Meira Jr<\/p>\n<p>Daniel de Angelis Cordeiro<\/p>\n<p>Leila Ribeiro<\/td>\n<\/tr>\n<tr>\n<td class=\"roudedcell\" style=\"width: 380px;\">16:00 a\u0300s 16:30<\/td>\n<td class=\"celularoxoescuro\" style=\"width: 2874.33px;\" colspan=\"2\">Coffee Break<\/td>\n<\/tr>\n<tr>\n<td class=\"roudedcell\" style=\"width: 380px;\">16:30 a\u0300s 17:30<\/td>\n<td class=\"celularoxoescuro\" style=\"width: 2864.33px;\"><strong><em>Itiner\u00e1rio Formativo Computa\u00e7\u00e3o (parte 2)<\/em><\/strong><\/p>\n<p>Renata Galante<\/p>\n<p>Leila Ribeiro<\/td>\n<\/tr>\n<tr>\n<td class=\"roudedcell\" style=\"width: 380px;\">17:30 a\u0300s 18:30<\/td>\n<td class=\"celularoxoescuro\" style=\"width: 2864.33px;\"><strong><em>Discuss\u00e3o: Como inserir Computa\u00e7\u00e3o nas escolas?<\/em><\/strong><\/p>\n<p>Lisandro Zambenedetti Granville<\/p>\n<p>Leila Ribeiro<\/td>\n<\/tr>\n<\/tbody>\n<\/table>\n<p>[\/et_pb_text][\/et_pb_column_inner][\/et_pb_row_inner][\/et_pb_column][\/et_pb_section][et_pb_section bb_built=&#8221;1&#8243; _builder_version=&#8221;3.3.1&#8243; background_image=&#8221;https:\/\/www4.sbc.org.br\/2019\/wp-content\/uploads\/2019\/02\/texturaft4.png&#8221; box_shadow_style=&#8221;preset6&#8243; prev_background_color=&#8221;#ffffff&#8221;][et_pb_row admin_label=&#8221;Row1&#8243; _builder_version=&#8221;3.3.1&#8243;][et_pb_column type=&#8221;4_4&#8243;][et_pb_text _builder_version=&#8221;3.3.1&#8243;]<\/p>\n<div id=\"palestra001\">\n<h3 style=\"text-align: center;\"><strong>Palestrantes:<\/strong><\/h3>\n<div><strong>Wagner Meira Jr.<\/strong> \u00e9 professor titular do Departamento de Ci\u00eancia da Computa\u00e7\u00e3o da Universidade Federal de Minas Gerais. Wagner \u00e9 PhD em Ci\u00eancia da Computa\u00e7\u00e3o pela University of Rochester (1997), al\u00e9m de mestre e bacharel em Ci\u00eancia da Computa\u00e7\u00e3o pela Universidade Federal de Minas Gerais (1993 e 1990, respectivamente). Atualmente Wagner \u00e9 pesquisador em produtividade do CNPq (n\u00edvel 1B) e sub-coordenador do INCT-Cyber &#8211; Instituto Nacional de Ci\u00eancia e Tecnologia para uma Sociedade Massivamente Conectada. Publicou mais de tr\u00eas centenas de artigos em peri\u00f3dicos e confer\u00eancias de impacto e \u00e9 co-autor do livro Data Mining and Analysis &#8211; Fundamental Concepts and Algorithms, publicado pela Cambridge University Press em 2014. Seus interesses de pesquisa s\u00e3o em sistemas paralelos e distribu\u00eddos, em particular na sua escalabilidade e efici\u00eancia, variando de sistemas massivamente paralelos a plataformas baseadas na Internet, e em algoritmos de minera\u00e7\u00e3o de dados, sua paraleliza\u00e7\u00e3o e aplica\u00e7\u00e3o em \u00e1reas como recupera\u00e7\u00e3o de informa\u00e7\u00e3o, ciberseguran\u00e7a e governan\u00e7a eletr\u00f4nica.<\/div>\n<\/div>\n<div><\/div>\n<div><img loading=\"lazy\" decoding=\"async\" class=\"alignnone size-full wp-image-31772\" src=\"https:\/\/www4.sbc.org.br\/2019\/wp-content\/uploads\/2019\/04\/cabeca06prog.png\" alt=\"\" width=\"1387\" height=\"21\" srcset=\"https:\/\/www4.sbc.org.br\/2019\/wp-content\/uploads\/2019\/04\/cabeca06prog.png 1387w, https:\/\/www4.sbc.org.br\/2019\/wp-content\/uploads\/2019\/04\/cabeca06prog-300x5.png 300w, https:\/\/www4.sbc.org.br\/2019\/wp-content\/uploads\/2019\/04\/cabeca06prog-768x12.png 768w, https:\/\/www4.sbc.org.br\/2019\/wp-content\/uploads\/2019\/04\/cabeca06prog-1024x16.png 1024w, https:\/\/www4.sbc.org.br\/2019\/wp-content\/uploads\/2019\/04\/cabeca06prog-1080x16.png 1080w\" sizes=\"auto, (max-width: 1387px) 100vw, 1387px\" \/><\/div>\n<div><\/div>\n<div id=\"palestra001\">\n<div>\n<div><strong>Daniel Cordeiro<\/strong> \u00e9 Professor Doutor da Escola de Artes, Ci\u00eancias e Humanidades da Universidade de S\u00e3o Paulo. Ele recebeu o t\u00edtulo de doutor em Math\u00e9matiques et en Informatique pela Universit\u00e9 de Grenoble, Fran\u00e7a, e de Mestre em Ci\u00eancias e Bacharel em Ci\u00eancia da Computa\u00e7\u00e3o pela Universidade de S\u00e3o Paulo. Seus principais interesses de pesquisa incluem Computa\u00e7\u00e3o de Alto Desempenho e Teoria do Escalonamento (e suas aplica\u00e7\u00f5es em problemas de otimiza\u00e7\u00e3o multiobjetivo, algoritmos de aproxima\u00e7\u00e3o, teoria algor\u00edtmica dos jogos, etc.). Seus projetos de pesquisa atuais est\u00e3o relacionados \u00e0 execu\u00e7\u00e3o eficiente de aplica\u00e7\u00f5es de computa\u00e7\u00e3o de alto desempenho em plataformas de Computa\u00e7\u00e3o em Nuvem.<\/div>\n<\/div>\n<\/div>\n<div><\/div>\n<div><img loading=\"lazy\" decoding=\"async\" class=\"alignnone size-full wp-image-31772\" src=\"https:\/\/www4.sbc.org.br\/2019\/wp-content\/uploads\/2019\/04\/cabeca06prog.png\" alt=\"\" width=\"1387\" height=\"21\" srcset=\"https:\/\/www4.sbc.org.br\/2019\/wp-content\/uploads\/2019\/04\/cabeca06prog.png 1387w, https:\/\/www4.sbc.org.br\/2019\/wp-content\/uploads\/2019\/04\/cabeca06prog-300x5.png 300w, https:\/\/www4.sbc.org.br\/2019\/wp-content\/uploads\/2019\/04\/cabeca06prog-768x12.png 768w, https:\/\/www4.sbc.org.br\/2019\/wp-content\/uploads\/2019\/04\/cabeca06prog-1024x16.png 1024w, https:\/\/www4.sbc.org.br\/2019\/wp-content\/uploads\/2019\/04\/cabeca06prog-1080x16.png 1080w\" sizes=\"auto, (max-width: 1387px) 100vw, 1387px\" \/><\/div>\n<div id=\"palestra001\">\n<div>\n<div><\/div>\n<div><strong>Simone Andr\u00e9<\/strong> da Costa Cavalheiro: \u00c9 Engenheira Civil pela Universidade Cat\u00f3lica de Pelotas (1998), Licenciada em Matematica pela Universidade Federal de Pelotas (1998), possui mestrado (2000) e doutorado (2010) em Ci\u00eancia da Computa\u00e7\u00e3o pela Universidade Federal do Rio Grande do Sul. Atualmente \u00e9 professora associada da Universidade Federal de Pelotas (UFPel) e membro do Programa de P\u00f3s-Gradua\u00e7\u00e3o em Computa\u00e7\u00e3o da UFPel. Atua na \u00e1rea de Fundamentos da Computa\u00e7\u00e3o e Educa\u00e7\u00e3o em Computa\u00e7\u00e3o, principalmente em M\u00e9todos Formais e Pensamento Computacional. Desde 2013 \u00e9 coordenadora do projeto &#8220;Explorando o Pensamento Computacional para Qualifica\u00e7\u00e3o do Ensino Fundamental&#8221;, o qual integra ensino, pesquisa e extens\u00e3o, com o apoio da Secretaria Municipal de Educa\u00e7\u00e3o e Desporto de Pelotas. Desde 2017, \u00e9 membro da Comiss\u00e3o de Educa\u00e7\u00e3o B\u00e1sica da Sociedade Brasileira de Computa\u00e7\u00e3o (SBC) e vem contribuindo com a proposta de Diretrizes para ensino de Computa\u00e7\u00e3o na Educa\u00e7\u00e3o B\u00e1sica da SBC.<\/div>\n<\/div>\n<\/div>\n<div><\/div>\n<div><img loading=\"lazy\" decoding=\"async\" class=\"alignnone size-full wp-image-31772\" src=\"https:\/\/www4.sbc.org.br\/2019\/wp-content\/uploads\/2019\/04\/cabeca06prog.png\" alt=\"\" width=\"1387\" height=\"21\" srcset=\"https:\/\/www4.sbc.org.br\/2019\/wp-content\/uploads\/2019\/04\/cabeca06prog.png 1387w, https:\/\/www4.sbc.org.br\/2019\/wp-content\/uploads\/2019\/04\/cabeca06prog-300x5.png 300w, https:\/\/www4.sbc.org.br\/2019\/wp-content\/uploads\/2019\/04\/cabeca06prog-768x12.png 768w, https:\/\/www4.sbc.org.br\/2019\/wp-content\/uploads\/2019\/04\/cabeca06prog-1024x16.png 1024w, https:\/\/www4.sbc.org.br\/2019\/wp-content\/uploads\/2019\/04\/cabeca06prog-1080x16.png 1080w\" sizes=\"auto, (max-width: 1387px) 100vw, 1387px\" \/><\/div>\n<div id=\"palestra001\">\n<div><\/div>\n<div>\n<div>\n<div><strong>Leila Ribeiro:<\/strong> \u00c9 Diretora de Ensino de Computa\u00e7\u00e3o na Educa\u00e7\u00e3o B\u00e1sica da SBC e \u00a0Professora Titular no Instituto de Inform\u00e1tica\/UFRGS.<\/div>\n<div>Doutora em Inform\u00e1tica pela Universidade T\u00e9cnica de Berlim, Alemanha (1996), Bacharel e Mestre em Computa\u00e7\u00e3o pela UFRGS (1988 e 1991, respectivamente). \u00c9 Membro do IFIP- TC 1 (Foundations of Computer Science). \u00c1reas de interesse: Fundamentos da Computa\u00e7\u00e3o (constru\u00e7\u00e3o e an\u00e1lise de modelos computacionais), Engenharia de Software, Educa\u00e7\u00e3o em Computa\u00e7\u00e3o.<\/div>\n<div><\/div>\n<\/div>\n<div><img loading=\"lazy\" decoding=\"async\" class=\"alignnone size-full wp-image-31772\" src=\"https:\/\/www4.sbc.org.br\/2019\/wp-content\/uploads\/2019\/04\/cabeca06prog.png\" alt=\"\" width=\"1387\" height=\"21\" srcset=\"https:\/\/www4.sbc.org.br\/2019\/wp-content\/uploads\/2019\/04\/cabeca06prog.png 1387w, https:\/\/www4.sbc.org.br\/2019\/wp-content\/uploads\/2019\/04\/cabeca06prog-300x5.png 300w, https:\/\/www4.sbc.org.br\/2019\/wp-content\/uploads\/2019\/04\/cabeca06prog-768x12.png 768w, https:\/\/www4.sbc.org.br\/2019\/wp-content\/uploads\/2019\/04\/cabeca06prog-1024x16.png 1024w, https:\/\/www4.sbc.org.br\/2019\/wp-content\/uploads\/2019\/04\/cabeca06prog-1080x16.png 1080w\" sizes=\"auto, (max-width: 1387px) 100vw, 1387px\" \/><\/div>\n<\/div>\n<\/div>\n<div><\/div>\n<div>\n<div><strong>Lisandro Zambenedetti Granville<\/strong> \u00e9 professor do Instituto de Inform\u00e1tica da UFRGS e presidente da Sociedade Brasileira de Computa\u00e7\u00e3o (SBC). \u00c9 diretor da IEEE Communications Society para Am\u00e9rica Latina e diretor do Centro de Pesquisa e Desenvolvimento em Tecnologias Digitais para Informa\u00e7\u00e3o e Comunica\u00e7\u00e3o (CTIC) da Rede Nacional de Ensino e Pesquisa (RNP). Lisandro desenvolve pesquisa na \u00e1rea de Redes de Computadores, em temas como Ger\u00eancia de Redes, Virtualiza\u00e7\u00e3o e SDN\/NFV\u201d.<\/div>\n<\/div>\n<div><\/div>\n<div><img loading=\"lazy\" decoding=\"async\" class=\"alignnone size-full wp-image-31772\" src=\"https:\/\/www4.sbc.org.br\/2019\/wp-content\/uploads\/2019\/04\/cabeca06prog.png\" alt=\"\" width=\"1387\" height=\"21\" srcset=\"https:\/\/www4.sbc.org.br\/2019\/wp-content\/uploads\/2019\/04\/cabeca06prog.png 1387w, https:\/\/www4.sbc.org.br\/2019\/wp-content\/uploads\/2019\/04\/cabeca06prog-300x5.png 300w, https:\/\/www4.sbc.org.br\/2019\/wp-content\/uploads\/2019\/04\/cabeca06prog-768x12.png 768w, https:\/\/www4.sbc.org.br\/2019\/wp-content\/uploads\/2019\/04\/cabeca06prog-1024x16.png 1024w, https:\/\/www4.sbc.org.br\/2019\/wp-content\/uploads\/2019\/04\/cabeca06prog-1080x16.png 1080w\" sizes=\"auto, (max-width: 1387px) 100vw, 1387px\" \/><\/div>\n<div>\n<div><\/div>\n<div><strong>Claudia Capelli:<\/strong> Doutora em Ci\u00eancias &#8211; Inform\u00e1tica pela PUC-Rio (2009). Mestre em Sistemas de Informa\u00e7\u00e3o pela Universidade Federal do Rio de Janeiro (2000). Graduada em Inform\u00e1tica pela Universidade do Estado do Rio de Janeiro (1985). Realizou est\u00e1gio P\u00f3s-Doutoral junto ao Programa de P\u00f3s-Gradua\u00e7\u00e3o em Inform\u00e1tica da Unirio (2010). Atualmente est\u00e1 em novo p\u00f3s-doutorado no Programa de P\u00f3s gradua\u00e7\u00e3o em Inform\u00e1tica (PPGI) da Universidade Federal do Rio de Janeiro (UFRJ). Atua em Projeto de Inova\u00e7\u00e3o na \u00e1rea de Data Science da CEF com foco em entendimento e linguagem Clara. Jovem Cientista Nosso Estado pela FAPERJ. Pesquisadora em Transpar\u00eancia do Instituto Nacional de Ci\u00eancia e Tecnologia em Democracia Digital (INCT-DD). Foi Gerente da \u00c1rea de Arquitetura Corporativa e Planejamento de Tecnologia do Citibank (1996 &#8211; 2001) e da Telemar (2001 &#8211; 2003) e Professora Adjunta do Departamento de Inform\u00e1tica Aplicada da Universidade Federal do Estado do Rio de Janeiro (UNIRIO). Coordenou o NP2Tec (N\u00facleo de Pesquisa e Pr\u00e1tica de Tecnologia) (2003 &#8211; 2013) e o CiberDem (N\u00facleo de Pesquisa em CiberDemocracia) (2015-2017) ambos na Universidade Federal do Estado do Rio de Janeiro (UNIRIO). Foi representante do Comit\u00ea de Transpar\u00eancia Organizacional da UNIRIO. Revisora de diversos peri\u00f3dicos nacionais e internacionais. Diretora de Articula\u00e7\u00e3o com a Ind\u00fastria na SBC. Membro do Comit\u00ea Gestor do programa Meninas Digitais da SBC. Mentora da F\u00e1brica de Startups. Atua na \u00e1rea de Sistemas de Informa\u00e7\u00e3o, principalmente nos seguintes temas: Gest\u00e3o de Processos de Neg\u00f3cio, Arquitetura Corporativa, Gest\u00e3o de TI, Transpar\u00eancia e Governo Digital.<\/p>\n<div><\/div>\n<\/div>\n<\/div>\n<div><img loading=\"lazy\" decoding=\"async\" class=\"alignnone size-full wp-image-31772\" src=\"https:\/\/www4.sbc.org.br\/2019\/wp-content\/uploads\/2019\/04\/cabeca06prog.png\" alt=\"\" width=\"1387\" height=\"21\" srcset=\"https:\/\/www4.sbc.org.br\/2019\/wp-content\/uploads\/2019\/04\/cabeca06prog.png 1387w, https:\/\/www4.sbc.org.br\/2019\/wp-content\/uploads\/2019\/04\/cabeca06prog-300x5.png 300w, https:\/\/www4.sbc.org.br\/2019\/wp-content\/uploads\/2019\/04\/cabeca06prog-768x12.png 768w, https:\/\/www4.sbc.org.br\/2019\/wp-content\/uploads\/2019\/04\/cabeca06prog-1024x16.png 1024w, https:\/\/www4.sbc.org.br\/2019\/wp-content\/uploads\/2019\/04\/cabeca06prog-1080x16.png 1080w\" sizes=\"auto, (max-width: 1387px) 100vw, 1387px\" \/><\/div>\n<div><\/div>\n<div>\n<div>\n<div>\n<div dir=\"ltr\">\n<div><strong>Renata Galante<\/strong> tem mestrado e doutorado em Ci\u00eancia da Computa\u00e7\u00e3o pela Universidade Federal do Rio Grande do Sul. Professora associada no Instituto de Inform\u00e1tica da Universidade Federal do Rio Grande do Sul (UFRGS)). Diretora Administrativa da Sociedade Brasileira de Computa\u00e7\u00e3o (SBC). Coordenadora do Curso de Especializa\u00e7\u00e3o em Big Data e Data Science, do Instituto de Inform\u00e1tica da UFRGS. Est\u00e1 envolvida com atividades de extens\u00e3o, ensino de gradua\u00e7\u00e3o e p\u00f3s-gradua\u00e7\u00e3o e orienta\u00e7\u00e3o de alunos de mestrado e doutorado. Tem trabalhado em diversos projetos de pesquisa financiados por ag\u00eancias de fomento como CNPq, Finep, Fapergs, Petrobr\u00e1s e Minist\u00e9rio da Sa\u00fade. Desenvolve pesquisa nas \u00e1reas de Banco de Dados, Big Data, Data Science, Redes Sociais e Cidades Inteligentes.<\/div>\n<\/div>\n<\/div>\n<\/div>\n<\/div>\n<p>[\/et_pb_text][\/et_pb_column][\/et_pb_row][\/et_pb_section]<\/p>\n","protected":false},"excerpt":{"rendered":"<p>[et_pb_section bb_built=&#8221;1&#8243; admin_label=&#8221;Se\u00e7\u00e3o&#8221; custom_padding_last_edited=&#8221;on|desktop&#8221; _builder_version=&#8221;3.3.1&#8243; background_color=&#8221;#ffffff&#8221; background_image=&#8221;https:\/\/www4.sbc.org.br\/2019\/wp-content\/uploads\/2018\/05\/apresentacao.jpg&#8221; background_position=&#8221;top_center&#8221; custom_padding=&#8221;0px||0px|&#8221; custom_padding_tablet=&#8221;50px|0|50px|0&#8243; next_background_color=&#8221;#ffffff&#8221;][et_pb_row admin_label=&#8221;Linha&#8221; padding_mobile=&#8221;off&#8221; column_padding_mobile=&#8221;on&#8221; parallax_method_1=&#8221;off&#8221; _builder_version=&#8221;3.3.1&#8243; background_size=&#8221;initial&#8221; background_position=&#8221;top_left&#8221; background_repeat=&#8221;repeat&#8221;][et_pb_column type=&#8221;4_4&#8243;][et_pb_image admin_label=&#8221;N\u00c3O MEXA &#8211; Imagem&#8221; align=&#8221;center&#8221; always_center_on_mobile=&#8221;off&#8221; disabled_on=&#8221;on|on|&#8221; _builder_version=&#8221;3.3.1&#8243; max_width=&#8221;215px&#8221;] [\/et_pb_image][et_pb_text admin_label=&#8221;Texto&#8221; _builder_version=&#8221;3.3.1&#8243; background_size=&#8221;initial&#8221; background_position=&#8221;top_left&#8221; background_repeat=&#8221;repeat&#8221;] CQEB [\/et_pb_text][et_pb_text admin_label=&#8221;Texto&#8221; _builder_version=&#8221;3.3.1&#8243; background_size=&#8221;initial&#8221; background_position=&#8221;top_left&#8221; background_repeat=&#8221;repeat&#8221;] Curso de Qualidade em Ensino de Computa\u00e7\u00e3o na Educa\u00e7\u00e3o B\u00e1sica [\/et_pb_text][\/et_pb_column][\/et_pb_row][\/et_pb_section][et_pb_section bb_built=&#8221;1&#8243; admin_label=&#8221;Se\u00e7\u00e3o&#8221; [&hellip;]<\/p>\n","protected":false},"author":2,"featured_media":0,"parent":31740,"menu_order":0,"comment_status":"closed","ping_status":"closed","template":"","meta":{"_et_pb_use_builder":"on","_et_pb_old_content":"","_et_gb_content_width":"","footnotes":""},"class_list":["post-32812","page","type-page","status-publish","hentry"],"_links":{"self":[{"href":"https:\/\/www4.sbc.org.br\/2019\/index.php?rest_route=\/wp\/v2\/pages\/32812","targetHints":{"allow":["GET"]}}],"collection":[{"href":"https:\/\/www4.sbc.org.br\/2019\/index.php?rest_route=\/wp\/v2\/pages"}],"about":[{"href":"https:\/\/www4.sbc.org.br\/2019\/index.php?rest_route=\/wp\/v2\/types\/page"}],"author":[{"embeddable":true,"href":"https:\/\/www4.sbc.org.br\/2019\/index.php?rest_route=\/wp\/v2\/users\/2"}],"replies":[{"embeddable":true,"href":"https:\/\/www4.sbc.org.br\/2019\/index.php?rest_route=%2Fwp%2Fv2%2Fcomments&post=32812"}],"version-history":[{"count":5,"href":"https:\/\/www4.sbc.org.br\/2019\/index.php?rest_route=\/wp\/v2\/pages\/32812\/revisions"}],"predecessor-version":[{"id":32832,"href":"https:\/\/www4.sbc.org.br\/2019\/index.php?rest_route=\/wp\/v2\/pages\/32812\/revisions\/32832"}],"up":[{"embeddable":true,"href":"https:\/\/www4.sbc.org.br\/2019\/index.php?rest_route=\/wp\/v2\/pages\/31740"}],"wp:attachment":[{"href":"https:\/\/www4.sbc.org.br\/2019\/index.php?rest_route=%2Fwp%2Fv2%2Fmedia&parent=32812"}],"curies":[{"name":"wp","href":"https:\/\/api.w.org\/{rel}","templated":true}]}}