{"id":32352,"date":"2019-05-31T14:22:46","date_gmt":"2019-05-31T17:22:46","guid":{"rendered":"http:\/\/csbc2019.sbc.org.br\/?page_id=32352"},"modified":"2019-07-17T16:52:40","modified_gmt":"2019-07-17T19:52:40","slug":"programacao","status":"publish","type":"page","link":"https:\/\/www4.sbc.org.br\/2019\/?page_id=32352","title":{"rendered":"PROGRAMA\u00c7\u00c3O &#8211; 10\u00ba WCAMA"},"content":{"rendered":"<p>[et_pb_section bb_built=&#8221;1&#8243; admin_label=&#8221;Se\u00e7\u00e3o&#8221; custom_padding_last_edited=&#8221;on|desktop&#8221; _builder_version=&#8221;3.3.1&#8243; background_color=&#8221;#ffffff&#8221; background_image=&#8221;https:\/\/www4.sbc.org.br\/2019\/wp-content\/uploads\/2018\/05\/apresentacao.jpg&#8221; background_position=&#8221;top_center&#8221; custom_padding=&#8221;0px||0px|&#8221; custom_padding_tablet=&#8221;50px|0|50px|0&#8243; next_background_color=&#8221;#ffffff&#8221;][et_pb_row admin_label=&#8221;Linha&#8221; padding_mobile=&#8221;off&#8221; column_padding_mobile=&#8221;on&#8221; parallax_method_1=&#8221;off&#8221; _builder_version=&#8221;3.3.1&#8243; background_size=&#8221;initial&#8221; background_position=&#8221;top_left&#8221; background_repeat=&#8221;repeat&#8221;][et_pb_column type=&#8221;4_4&#8243;][et_pb_image admin_label=&#8221;N\u00c3O MEXA &#8211; Imagem&#8221; align=&#8221;center&#8221; always_center_on_mobile=&#8221;off&#8221; disabled_on=&#8221;on|on|&#8221; _builder_version=&#8221;3.3.1&#8243; max_width=&#8221;215px&#8221;]<\/p>\n<p>&nbsp;<\/p>\n<p>[\/et_pb_image][et_pb_text admin_label=&#8221;Texto&#8221; _builder_version=&#8221;3.3.1&#8243; background_size=&#8221;initial&#8221; background_position=&#8221;top_left&#8221; background_repeat=&#8221;repeat&#8221;]<\/p>\n<h1 style=\"text-align: center;\"><span style=\"color: #ffffff;\"><strong>10\u00ba WCAMA<\/strong><\/span><\/h1>\n<p>[\/et_pb_text][et_pb_text admin_label=&#8221;Texto&#8221; _builder_version=&#8221;3.3.1&#8243; background_size=&#8221;initial&#8221; background_position=&#8221;top_left&#8221; background_repeat=&#8221;repeat&#8221;]<\/p>\n<h3 style=\"text-align: center; color: #ffffff;\"><strong>Workshop de Computa\u00e7\u00e3o Aplicada \u00e0 Gest\u00e3o do Meio Ambiente e Recursos Naturais\u00a0<\/strong><\/h3>\n<p>[\/et_pb_text][\/et_pb_column][\/et_pb_row][\/et_pb_section][et_pb_section bb_built=&#8221;1&#8243; admin_label=&#8221;Se\u00e7\u00e3o&#8221; specialty=&#8221;on&#8221; custom_padding_last_edited=&#8221;on|desktop&#8221; parallax_method_1=&#8221;off&#8221; parallax_method_2=&#8221;off&#8221; _builder_version=&#8221;3.3.1&#8243; background_color=&#8221;#ffffff&#8221; background_image=&#8221;https:\/\/www4.sbc.org.br\/2019\/wp-content\/uploads\/2018\/06\/back02.jpg&#8221; parallax=&#8221;on&#8221; custom_padding=&#8221;12px|0px|12px|0px&#8221; custom_padding_tablet=&#8221;50px|0|50px|0&#8243; prev_background_color=&#8221;#ffffff&#8221; next_background_color=&#8221;#ffffff&#8221;][et_pb_column type=&#8221;1_4&#8243;][et_pb_sidebar admin_label=&#8221;Barra Lateral&#8221; area=&#8221;sidebar-1&#8243; disabled_on=&#8221;on|on|off&#8221; _builder_version=&#8221;3.0.47&#8243; header_font=&#8221;||||&#8221; body_font=&#8221;|on||on|&#8221; show_border=&#8221;on&#8221;]<\/p>\n<p>&nbsp;<\/p>\n<p>[\/et_pb_sidebar][\/et_pb_column][et_pb_column type=&#8221;3_4&#8243; specialty_columns=&#8221;3&#8243;][et_pb_row_inner admin_label=&#8221;Row&#8221; _builder_version=&#8221;3.0.47&#8243;][et_pb_column_inner type=&#8221;4_4&#8243; saved_specialty_column_type=&#8221;3_4&#8243;][et_pb_text _builder_version=&#8221;3.3.1&#8243;]<\/p>\n<h3 class=\"comissao-title\" style=\"text-align: center;\"><img loading=\"lazy\" decoding=\"async\" class=\"\" src=\"https:\/\/www4.sbc.org.br\/2019\/wp-content\/uploads\/2018\/06\/marcador.png\" width=\"54\" height=\"60\" \/>PROGRAMA\u00c7\u00c3O PRELIMINAR &#8211; WCAMA 2019<\/h3>\n<p>[\/et_pb_text][\/et_pb_column_inner][\/et_pb_row_inner][et_pb_row_inner padding_mobile=&#8221;off&#8221; column_padding_mobile=&#8221;off&#8221; _builder_version=&#8221;3.3.1&#8243;][et_pb_column_inner type=&#8221;1_2&#8243; saved_specialty_column_type=&#8221;3_4&#8243;][et_pb_text admin_label=&#8221;Apresenta\u00e7\u00e3o&#8221; _builder_version=&#8221;3.3.1&#8243;]<\/p>\n<div id=\"pg1\" style=\"overflow-x: auto;\">\n<table class=\"table-striped table-hover table-responsive\">\n<tbody>\n<tr>\n<td class=\"roudedcell\" colspan=\"2\" width=\"288\"><strong>Quarta-feira \u2013 17\/07<\/strong><\/td>\n<\/tr>\n<tr>\n<td class=\"roudedcell\" width=\"112\">09:00 \u00e0s 10:00<\/td>\n<td class=\"celularoxoescuro\" width=\"176\"><a href=\"#palestra1\"><strong>Abertura Palestra I<\/strong><\/a><\/td>\n<\/tr>\n<tr>\n<td class=\"roudedcell\" width=\"112\">10:00 \u00e0s 11:06<\/td>\n<td class=\"celularoxoescuro\" width=\"176\"><a href=\"#st1\"><strong>Sess\u00e3o T\u00e9cnica I<\/strong><\/a><\/td>\n<\/tr>\n<tr>\n<td class=\"roudedcell\" width=\"112\">11:06 \u00e0s 12:18<\/td>\n<td class=\"celularoxoescuro\" width=\"176\"><a href=\"#st2\"><strong>Sess\u00e3o T\u00e9cnica II<\/strong><\/a><\/td>\n<\/tr>\n<tr>\n<td class=\"roudedcell\" width=\"112\">12:00 \u00e0s 14:00<\/td>\n<td class=\"celularoxoclaro\" width=\"176\"><strong>Almo\u00e7o<\/strong><\/td>\n<\/tr>\n<tr>\n<td class=\"roudedcell\" width=\"112\">14:00 \u00e0s 16:00<\/td>\n<td class=\"celularoxoescuro\" width=\"176\"><strong>Atividades Comuns SBC<\/strong><\/td>\n<\/tr>\n<tr>\n<td class=\"roudedcell\" width=\"112\">16:00 \u00e0s 16:30<\/td>\n<td class=\"celularoxoclaro\" width=\"176\"><strong>Coffee Break<\/strong><\/td>\n<\/tr>\n<tr>\n<td class=\"roudedcell\" width=\"112\">16:30 \u00e0s 17:30<\/td>\n<td class=\"celularoxoescuro\" width=\"176\"><b>&#8212;<\/b><\/td>\n<\/tr>\n<tr>\n<td class=\"roudedcell\" width=\"112\">17:30 \u00e0s 19:06<\/td>\n<td class=\"celularoxoescuro\" width=\"176\"><a href=\"#st3\"><strong>Sess\u00e3o T\u00e9cnica III<\/strong><\/a><\/td>\n<\/tr>\n<\/tbody>\n<\/table>\n<\/div>\n<div id=\"pg2\" style=\"overflow-x: auto;\"><\/div>\n<p>[\/et_pb_text][\/et_pb_column_inner][et_pb_column_inner type=&#8221;1_2&#8243; saved_specialty_column_type=&#8221;3_4&#8243;][et_pb_text admin_label=&#8221;Apresenta\u00e7\u00e3o&#8221; _builder_version=&#8221;3.3.1&#8243;]<\/p>\n<div id=\"pg2\" style=\"overflow-x: auto;\">\n<table class=\"table-striped table-hover table-responsive\">\n<tbody>\n<tr>\n<td class=\"roudedcell\" colspan=\"2\" width=\"288\"><strong>Quinta-feira \u2013 18\/07<\/strong><\/td>\n<\/tr>\n<tr>\n<td class=\"roudedcell\" width=\"112\">14:00 \u00e0s 16:00<\/td>\n<td class=\"celularoxoescuro\" width=\"176\"><strong>Atividades Comuns SBC<\/strong><\/td>\n<\/tr>\n<tr>\n<td class=\"roudedcell\" width=\"112\">16:00 \u00e0s 16:30<\/td>\n<td class=\"celularoxoclaro\" width=\"176\"><strong>Coffee Break<\/strong><\/td>\n<\/tr>\n<tr>\n<td class=\"roudedcell\" width=\"112\">16:30 \u00e0s 17:36<\/td>\n<td class=\"celularoxoescuro\" width=\"176\"><a href=\"#st4\"><strong>Sess\u00e3o T\u00e9cnica IV<\/strong><\/a><\/td>\n<\/tr>\n<tr>\n<td class=\"roudedcell\" width=\"112\">17:36 \u00e0s 18:42<\/td>\n<td class=\"celularoxoescuro\" width=\"176\"><a href=\"#st5\"><strong>Sess\u00e3o T\u00e9cnica V<\/strong><\/a><\/td>\n<\/tr>\n<tr>\n<td class=\"roudedcell\" width=\"112\">18:42 \u00e0s 19:00<\/td>\n<td class=\"celularoxoescuro\" width=\"176\"><strong>Encerramento<\/strong><\/td>\n<\/tr>\n<\/tbody>\n<\/table>\n<\/div>\n<p>[\/et_pb_text][\/et_pb_column_inner][\/et_pb_row_inner][\/et_pb_column][\/et_pb_section][et_pb_section bb_built=&#8221;1&#8243; _builder_version=&#8221;3.3.1&#8243; background_image=&#8221;https:\/\/www4.sbc.org.br\/2019\/wp-content\/uploads\/2019\/02\/texturaft4.png&#8221; box_shadow_style=&#8221;preset6&#8243; prev_background_color=&#8221;#ffffff&#8221;][et_pb_row _builder_version=&#8221;3.0.47&#8243; background_size=&#8221;initial&#8221; background_position=&#8221;top_left&#8221; background_repeat=&#8221;repeat&#8221;][et_pb_column type=&#8221;4_4&#8243;][et_pb_text _builder_version=&#8221;3.3.1&#8243;]<\/p>\n<div id=\"palestra1\">\n<h3 style=\"text-align: center;\"><strong>Palestra I (17\/07 das 09:00 \u00e0s 10:00)<\/strong><\/h3>\n<\/div>\n<h4 style=\"text-align: center;\"><strong><em>\u201cComputa\u00e7\u00e3o em Nuvem no Auxilio a Gest\u00e3o Ambiental: O Google Earth Engine\u201d<\/em><\/strong><\/h4>\n<p style=\"text-align: center;\"><strong>\u00a0<\/strong><strong>Palestrante: Cesar Guerreiro Diniz (Solved &#8211; Solu\u00e7\u00f5es em Geoinforma\u00e7\u00e3o)<\/strong><\/p>\n<p><strong>\u00a0<\/strong><strong>CV resumido: <\/strong>S\u00f3cio fundador da Solved, atualmente \u00e9 doutorando do Programa de P\u00f3s-Gradua\u00e7\u00e3o em Geologia e Geoqu\u00edmica (PPGG) da Universidade Federal do Par\u00e1 (UFPA). Trabalhou por 6 anos no Centro Regional da Amaz\u00f4nia do Instituto Nacional de Pesquisas Espaciais (CRA\/INPE) como consultor FAO (Food and Agriculture Organization of the United Nations) e JICA (Japanese Intenational Cooperation Agency). Possui gradua\u00e7\u00e3o em Oceanografia pela UFPA e Mestrado em Geologia e Geoqu\u00edmica tamb\u00e9m pela UFPA. Tem experi\u00eancia na \u00e1rea de Oceanografia, com \u00eanfase em Sensoriamento Remoto, atuando principalmente nos seguintes temas: sensoriamento remoto, ambientes de manguezal, comportamento espectral de alvos e monitoramento de florestas tropicais.<\/p>\n<p><strong>Lattes: <\/strong><a href=\"http:\/\/buscatextual.cnpq.br\/buscatextual\/visualizacv.do?id=K4239187A4\">http:\/\/buscatextual.cnpq.br\/buscatextual\/visualizacv.do?id=K4239187A4<\/a><\/p>\n<p><img loading=\"lazy\" decoding=\"async\" class=\"alignnone size-full wp-image-31772\" src=\"https:\/\/www4.sbc.org.br\/2019\/wp-content\/uploads\/2019\/04\/cabeca06prog.png\" alt=\"\" width=\"1387\" height=\"21\" srcset=\"https:\/\/www4.sbc.org.br\/2019\/wp-content\/uploads\/2019\/04\/cabeca06prog.png 1387w, https:\/\/www4.sbc.org.br\/2019\/wp-content\/uploads\/2019\/04\/cabeca06prog-300x5.png 300w, https:\/\/www4.sbc.org.br\/2019\/wp-content\/uploads\/2019\/04\/cabeca06prog-768x12.png 768w, https:\/\/www4.sbc.org.br\/2019\/wp-content\/uploads\/2019\/04\/cabeca06prog-1024x16.png 1024w, https:\/\/www4.sbc.org.br\/2019\/wp-content\/uploads\/2019\/04\/cabeca06prog-1080x16.png 1080w\" sizes=\"auto, (max-width: 1387px) 100vw, 1387px\" \/><\/p>\n<p>[\/et_pb_text][et_pb_text _builder_version=&#8221;3.3.1&#8243;]<\/p>\n<div id=\"st\">\n<h3 style=\"text-align: center;\"><strong>Sess\u00f5es T\u00e9cnicas (ST)<\/strong><\/h3>\n<\/div>\n<ul>\n<li><strong>Artigos completos: 15 min apresenta\u00e7\u00e3o + 3 min perguntas<\/strong><\/li>\n<li><strong>Artigos curtos: 10 min apresenta\u00e7\u00e3o + 2 min perguntas<\/strong><\/li>\n<\/ul>\n<p><img loading=\"lazy\" decoding=\"async\" class=\"alignnone size-full wp-image-31772\" src=\"https:\/\/www4.sbc.org.br\/2019\/wp-content\/uploads\/2019\/04\/cabeca06prog.png\" alt=\"\" width=\"1387\" height=\"21\" srcset=\"https:\/\/www4.sbc.org.br\/2019\/wp-content\/uploads\/2019\/04\/cabeca06prog.png 1387w, https:\/\/www4.sbc.org.br\/2019\/wp-content\/uploads\/2019\/04\/cabeca06prog-300x5.png 300w, https:\/\/www4.sbc.org.br\/2019\/wp-content\/uploads\/2019\/04\/cabeca06prog-768x12.png 768w, https:\/\/www4.sbc.org.br\/2019\/wp-content\/uploads\/2019\/04\/cabeca06prog-1024x16.png 1024w, https:\/\/www4.sbc.org.br\/2019\/wp-content\/uploads\/2019\/04\/cabeca06prog-1080x16.png 1080w\" sizes=\"auto, (max-width: 1387px) 100vw, 1387px\" \/><\/p>\n<p>[\/et_pb_text][et_pb_text _builder_version=&#8221;3.3.1&#8243;]<\/p>\n<div id=\"st1\">\n<h3 style=\"text-align: center;\"><strong>ST I (17\/07 das 10:00 \u00e0s 11:06)<\/strong><\/h3>\n<\/div>\n<ul>\n<li><strong>10:00-10:18<\/strong><\/li>\n<\/ul>\n<p><strong>Availability assessment of weather measurement stations<\/strong><\/p>\n<p>Diego Bezerra (Federal Rural University of Pernambuco), Jos\u00e9 Junior (UFRPE),<\/p>\n<p>Glauco Gon\u00e7alves (UFRPE), Victor Medeiros (Federal Rural University of Pernambuco)<\/p>\n<p>&nbsp;<\/p>\n<ul>\n<li><strong>10:18-10:36<\/strong><\/li>\n<\/ul>\n<p><strong>Uma An\u00e1lise baseada em Clusteriza\u00e7\u00e3o para Monitoramento Integrado da Atividade da Pesca Artesanal na Bacia Araguaia-Tocantins<\/strong><\/p>\n<p>Renato Sabino da Silva (Universidade Federal do Sul e Sudeste do Par\u00e1 &#8211; UNIFESSPA),<\/p>\n<p>Rog\u00e9rio Silva (Universidade Federal do Sul e Sudeste do Par\u00e1), Hugo Kuribayashi (Universidade Federal do Sul e Sudeste do Par\u00e1), Cristiane Vieira Cunha (Universidade Federal do Sul e Sudeste do Par\u00e1 &#8211; UNIFESSPA), Keidi Nolan (Universidade Federal do Oeste do Par\u00e1)<\/p>\n<p>&nbsp;<\/p>\n<ul>\n<li><strong>10:36-10:54<\/strong><\/li>\n<\/ul>\n<p><strong>Applying the Long-Term Memory Algorithm to Forecast Thermoregulation Capacity Loss in Honeybee Colonies<\/strong><\/p>\n<p>Lia Furtado (Universidade Federal do Cear\u00e1), Antonio Rafael Braga (Universidade Federal do Cear\u00e1), Antonio Diego Bezerra (Universidade Federal do Cear\u00e1),<\/p>\n<p>Breno Freitas (Universidade Federal do Cear\u00e1), Joseph Cazier (Appalachian State University), Danielo G. Gomes (Universidade Federal do Cear\u00e1 (UFC))<\/p>\n<p>&nbsp;<\/p>\n<ul>\n<li><strong>10:54-11:06<\/strong><\/li>\n<\/ul>\n<p><strong>Projeto de um aplicativo mobile para a coleta estruturada de dados e mapeamento de \u00e1reas suscet\u00edveis a riscos geol\u00f3gicos<\/strong><\/p>\n<p>Ana Luiza Figueiredo (Universidade Federal do ABC), Thiago Inoc\u00eancio (Universidade Federal do ABC), Gustavo Gonzales (Universidade Federal do ABC), Flavio Horita (Universidade Federal do ABC)<\/p>\n<p><img loading=\"lazy\" decoding=\"async\" class=\"alignnone size-full wp-image-31772\" src=\"https:\/\/www4.sbc.org.br\/2019\/wp-content\/uploads\/2019\/04\/cabeca06prog.png\" alt=\"\" width=\"1387\" height=\"21\" srcset=\"https:\/\/www4.sbc.org.br\/2019\/wp-content\/uploads\/2019\/04\/cabeca06prog.png 1387w, https:\/\/www4.sbc.org.br\/2019\/wp-content\/uploads\/2019\/04\/cabeca06prog-300x5.png 300w, https:\/\/www4.sbc.org.br\/2019\/wp-content\/uploads\/2019\/04\/cabeca06prog-768x12.png 768w, https:\/\/www4.sbc.org.br\/2019\/wp-content\/uploads\/2019\/04\/cabeca06prog-1024x16.png 1024w, https:\/\/www4.sbc.org.br\/2019\/wp-content\/uploads\/2019\/04\/cabeca06prog-1080x16.png 1080w\" sizes=\"auto, (max-width: 1387px) 100vw, 1387px\" \/><\/p>\n<p>[\/et_pb_text][et_pb_text _builder_version=&#8221;3.3.1&#8243;]<\/p>\n<div id=\"st2\">\n<h3 style=\"text-align: center;\"><strong>ST II (17\/07 das 11:06 \u00e0s 12:18)<\/strong><\/h3>\n<\/div>\n<ul>\n<li><strong>11:06-11:24 <\/strong><\/li>\n<\/ul>\n<p><strong>e-DIVA: Uma Infraestrutura Computacional para o Gerenciamento de Dados do Programa PELD na V\u00e1rzea da Amaz\u00f4nia Central<\/strong><\/p>\n<p>Andr\u00e9a Albuquerque (Instituto Nacional de Pesquisas da Amaz\u00f4nia), Jos\u00e9 Laurindo Campos dos Santos (Instituto Nacional de Pesquisas da Amaz\u00f4nia), Sidin\u00e9ia Aparecida Amadio (Instituto Nacional de Pesquisas da Amaz\u00f4nia), Cl\u00e1udia Pereira de Deus (Instituto Nacional de Pesquisas da Amaz\u00f4nia), Maria Ang\u00e9lica de A. Corr\u00eaa (Universidade Federal do Amazonas), Jansen A. S. Zuanon (Instituto Nacional de Pesquisas da Amaz\u00f4nia)<\/p>\n<p>&nbsp;<\/p>\n<ul>\n<li><strong>11:24-11:42<\/strong><\/li>\n<\/ul>\n<p><b>MASE-EGTI \u2014 Simulador baseado em Teoria dos Jogos Evolucion\u00e1rios para Sustentabilidade Ambiental<\/b><\/p>\n<p>Cassio Couto Coelho (University of Brasilia), Celia Ralha (University of Brasilia)<\/p>\n<p>&nbsp;<\/p>\n<ul>\n<li><strong>11:42-12:00<\/strong><\/li>\n<\/ul>\n<p><strong>Desenvolvendo Sistemas Agr\u00edcolas Pr\u00f3xima Gera\u00e7\u00e3o: Um Estudo em Ci\u00eancias de Solos<\/strong><\/p>\n<p>Sergio Manuel Serra da Cruz (Universidade Federal Rural do Rio de Janeiro)<\/p>\n<p>&nbsp;<\/p>\n<ul>\n<li><strong>12:00-12:18<\/strong><\/li>\n<\/ul>\n<p><strong>Aplica\u00e7\u00e3o web para Gerenciamento de Res\u00edduos S\u00f3lidos Recicl\u00e1veis<\/strong><\/p>\n<p>Maria Oliveira (Universidade Federal do Par\u00e1), Jos\u00e9 \u00cdtalo da Costa Silva (Universidade Federal do Par\u00e1), Rom\u00e1rio Silva (Federal University of Par\u00e1), Luciano Teran (Universidade Federal do Par\u00e1)<\/p>\n<p><img loading=\"lazy\" decoding=\"async\" class=\"alignnone size-full wp-image-31772\" src=\"https:\/\/www4.sbc.org.br\/2019\/wp-content\/uploads\/2019\/04\/cabeca06prog.png\" alt=\"\" width=\"1387\" height=\"21\" srcset=\"https:\/\/www4.sbc.org.br\/2019\/wp-content\/uploads\/2019\/04\/cabeca06prog.png 1387w, https:\/\/www4.sbc.org.br\/2019\/wp-content\/uploads\/2019\/04\/cabeca06prog-300x5.png 300w, https:\/\/www4.sbc.org.br\/2019\/wp-content\/uploads\/2019\/04\/cabeca06prog-768x12.png 768w, https:\/\/www4.sbc.org.br\/2019\/wp-content\/uploads\/2019\/04\/cabeca06prog-1024x16.png 1024w, https:\/\/www4.sbc.org.br\/2019\/wp-content\/uploads\/2019\/04\/cabeca06prog-1080x16.png 1080w\" sizes=\"auto, (max-width: 1387px) 100vw, 1387px\" \/><\/p>\n<p>[\/et_pb_text][et_pb_text _builder_version=&#8221;3.3.1&#8243;]<\/p>\n<div id=\"st3\">\n<h3 style=\"text-align: center;\"><strong>ST III (17\/07 das 17:30 \u00e0s 19:06)<\/strong><\/h3>\n<\/div>\n<ul>\n<li><strong>17:30-17:48<\/strong><\/li>\n<\/ul>\n<p><strong>Previs\u00e3o de Cheias Sazonais para o Rio Negro Usando Redes Neurais Artificiais e \u00c1rvores de Decis\u00e3o M\u00e9todo com Aprendizado Baseado em Comit\u00ea<\/strong><\/p>\n<p>Paula Maraes (Faculdade Fucapi), Marly Guimar\u00e3es Costa (Universidade Federal do Amazonas &#8211; UFAM), Cicero Costa Filho (Universidade Federal do Amazonas)<\/p>\n<p>&nbsp;<\/p>\n<ul>\n<li><strong>17:48-18:06<\/strong><\/li>\n<\/ul>\n<p><strong>Reconhecimento de plantas comest\u00edveis n\u00e3o-convencionais: uma an\u00e1lise de m\u00e9todos de classifica\u00e7\u00e3o aplicados \u00e0 vis\u00e3o computacional<\/strong><\/p>\n<p>Gustavo Rangel Torres de Almeida (Universidade Federal do Oeste do Par\u00e1), Virg\u00edlio Soares (Universidade Federal do Oeste do Par\u00e1), Marcio Ponte (Universidade Federal do Oeste do Par\u00e1), Fabio Lobato (Universidade Federal do Oeste Par\u00e1)<\/p>\n<p>&nbsp;<\/p>\n<ul>\n<li><strong>18:06-18:24<\/strong><\/li>\n<\/ul>\n<p><strong>Uso de Business Intelligence na Gest\u00e3o de Recursos H\u00eddricos: o caso da Fiscaliza\u00e7\u00e3o do Uso da \u00c1gua<\/strong><\/p>\n<p>Dami\u00e3o Ribeiro de Almeida (Universidade Federal de Campina Grande), Andr\u00e9 Alves (Universidade Federal de Campina Grande), Cl\u00e1udio De Souza Baptista (Federal University of Campina Grande), Hugo Feitosa de Figueir\u00eado (Instituto Federal de Educa\u00e7\u00e3o, Ci\u00eancia e Tecnologia da Para\u00edba), Pedro Cris\u00f3stomo Alves Freire (AESA),<\/p>\n<p>Diego Magno Tavares da Silva (AESA)<\/p>\n<p>&nbsp;<\/p>\n<ul>\n<li><strong>18:24-18:42<\/strong><\/li>\n<\/ul>\n<p><strong>Aplica\u00e7\u00e3o do Design Centrado em Humano para Desenvolvimento de uma Solu\u00e7\u00e3o de Software baseada em Informa\u00e7\u00f5es do Tempo e Clima<\/strong><\/p>\n<p>Jo\u00e3o Silva (Universidade Federal Rural de Pernambuco), Tamires Silva (Universidade Federal Rural de Pernambuco), Marcos Lima (Universidade Federal Rural de Pernambuco), Ricardo Souza (Universidade Federal Rural de Pernambuco)<\/p>\n<p>&nbsp;<\/p>\n<ul>\n<li><strong>18:42-18:54<\/strong><\/li>\n<\/ul>\n<p><strong>e-RA: Regulariza\u00e7\u00e3o Ambiental Online<\/strong><\/p>\n<p>Luci A. Nicolau (Universidade Federal de Minas Gerais), Mateus Coimbra Pereira (Secretaria de Administra\u00e7\u00e3o Prisional de Minas Gerais), Jaime Daniel Correa Mendes (Houer Concess\u00f5es), Clodoveu Davis (UFMG)<\/p>\n<p>&nbsp;<\/p>\n<ul>\n<li><strong>18:54-19:06<\/strong><\/li>\n<\/ul>\n<p><strong>Lightning Monitoring Integrated System<\/strong><\/p>\n<p>Michell Cruz (Centro Gestor e Operacional do Sistema de Prote\u00e7\u00e3o da Amaz\u00f4nia-Censipam), Marcio Lopes (CENSIPAM), Alen Vieira (Centro Gestor e Operacional do Sistema de Prote\u00e7\u00e3o da Amaz\u00f4nia (CENSIPAM)), Fl\u00e1vio Santos (Censipam), Ricardo Shinkai (CENSIPAM), Daniele Dias (Amazon Protection System)<\/p>\n<p><img loading=\"lazy\" decoding=\"async\" class=\"alignnone size-full wp-image-31772\" src=\"https:\/\/www4.sbc.org.br\/2019\/wp-content\/uploads\/2019\/04\/cabeca06prog.png\" alt=\"\" width=\"1387\" height=\"21\" srcset=\"https:\/\/www4.sbc.org.br\/2019\/wp-content\/uploads\/2019\/04\/cabeca06prog.png 1387w, https:\/\/www4.sbc.org.br\/2019\/wp-content\/uploads\/2019\/04\/cabeca06prog-300x5.png 300w, https:\/\/www4.sbc.org.br\/2019\/wp-content\/uploads\/2019\/04\/cabeca06prog-768x12.png 768w, https:\/\/www4.sbc.org.br\/2019\/wp-content\/uploads\/2019\/04\/cabeca06prog-1024x16.png 1024w, https:\/\/www4.sbc.org.br\/2019\/wp-content\/uploads\/2019\/04\/cabeca06prog-1080x16.png 1080w\" sizes=\"auto, (max-width: 1387px) 100vw, 1387px\" \/><\/p>\n<p>[\/et_pb_text][et_pb_text _builder_version=&#8221;3.3.1&#8243;]<\/p>\n<div id=\"st4\">\n<h3 style=\"text-align: center;\"><strong>ST IV (18\/07 das 16:30 \u00e0s 17:36)<\/strong><\/h3>\n<\/div>\n<ul>\n<li><strong>16:30-16:48<\/strong><\/li>\n<\/ul>\n<p><strong>Sistema Multiagente para Gest\u00e3o de Recursos H\u00eddricos: Modelagem da Bacia do S\u00e3o Gon\u00e7alo e da Lagoa Mirim <\/strong><\/p>\n<p>Giovani Farias (FURG), M\u00edriam Born (Universidade Federal de Pelotas), Bruna Leitzke (Universidade Federal do Rio Grande), Diana Adamatti (Universidade Federal do Rio Grande &#8211; FURG), Marilton Aguiar (UFPEL), Raquel de Miranda Barbosa (IFRS &#8211; RIO GRANDE)<\/p>\n<p>&nbsp;<\/p>\n<ul>\n<li><strong>16:48-17:06<\/strong><\/li>\n<\/ul>\n<p><strong>Gerenciamento do Controle de Trocas de Energia Entre Sistemas Fotovoltaicos e a Rede El\u00e9trica Utilizando uma Abordagem Baseada em Sistemas Fuzzy<\/strong><\/p>\n<p>Marcos Venicios Sousa (Universidade Federal do Par\u00e1 (UFPA)), Filipe Saraiva (Universidade Federal do Par\u00e1)<\/p>\n<p>&nbsp;<\/p>\n<ul>\n<li><strong>17:06-17:24<\/strong><\/li>\n<\/ul>\n<p><strong>Monitoring and Control System for Seed Germination Using Internet of Thing<\/strong><\/p>\n<p>Deisiane Cruz (Federal Rural University of Amazonia), Caio Rodrigues (Universidade Federal Rural da Amaz\u00f4nia), Jo\u00e3o Quinc\u00f3 (Estacio-Campus Bel\u00e9m IESAM), Nilcilene Silva (IESAM), Otavio Chase (IESAM), Jos\u00e9 Felipe De Almeida (Universidade Federal Rural da Amaz\u00f4nia)<\/p>\n<p>&nbsp;<\/p>\n<ul>\n<li><strong>17:24-17:36<\/strong><\/li>\n<\/ul>\n<p><strong>Monitoramento de Tempestades atrav\u00e9s de Radar Meteorol\u00f3gico no SipamHidro<\/strong><\/p>\n<p>Marissa de Carvalho (Centro Gestor e Operacional do Sistema de Prote\u00e7\u00e3o da Amaz\u00f4nia (Censipam)), Alen Vieira (Centro Gestor e Operacional do Sistema de Prote\u00e7\u00e3o da Amaz\u00f4nia (CENSIPAM)), Michell Cruz (Centro Gestor e Operacional do Sistema de Prote\u00e7\u00e3o da Amaz\u00f4nia-Censipam), Anderson Nazar\u00e9 (Censipam), Fl\u00e1vio Santos (Censipam),<\/p>\n<p>Daniele Dias (Amazon Protection System)<\/p>\n<p><img loading=\"lazy\" decoding=\"async\" class=\"alignnone size-full wp-image-31772\" src=\"https:\/\/www4.sbc.org.br\/2019\/wp-content\/uploads\/2019\/04\/cabeca06prog.png\" alt=\"\" width=\"1387\" height=\"21\" srcset=\"https:\/\/www4.sbc.org.br\/2019\/wp-content\/uploads\/2019\/04\/cabeca06prog.png 1387w, https:\/\/www4.sbc.org.br\/2019\/wp-content\/uploads\/2019\/04\/cabeca06prog-300x5.png 300w, https:\/\/www4.sbc.org.br\/2019\/wp-content\/uploads\/2019\/04\/cabeca06prog-768x12.png 768w, https:\/\/www4.sbc.org.br\/2019\/wp-content\/uploads\/2019\/04\/cabeca06prog-1024x16.png 1024w, https:\/\/www4.sbc.org.br\/2019\/wp-content\/uploads\/2019\/04\/cabeca06prog-1080x16.png 1080w\" sizes=\"auto, (max-width: 1387px) 100vw, 1387px\" \/><\/p>\n<p>[\/et_pb_text][et_pb_text _builder_version=&#8221;3.3.1&#8243;]<\/p>\n<div id=\"st5\">\n<h3 style=\"text-align: center;\"><strong>ST V (18\/07 das 17:36 \u00e0s 18:42)<\/strong><\/h3>\n<\/div>\n<ul>\n<li><strong>17:36 -17:54<\/strong><\/li>\n<\/ul>\n<p><strong>Desenvolvimento de um Chatbot para Compartilhamento e Dissemina\u00e7\u00e3o de Informa\u00e7\u00f5es do Tempo <\/strong><\/p>\n<p>Ana Katarine de Freitas Santana Santos (Universidade Federal Rural de Pernambuco), Ricardo Souza (Universidade Federal Rural de Pernambuco), Tamires Silva (Universidade Federal Rural de Pernambuco), Jen Liu (Universidade Federal Rural de Pernambuco)<\/p>\n<p>&nbsp;<\/p>\n<ul>\n<li><strong>17:54 -18:12<\/strong><\/li>\n<\/ul>\n<p><b>Coleta Inteligente: Uma Proposta para Monitoramento dos Carros de Coleta de Lixo no Espa\u00e7o Urbano de Camet\u00e1-PA<\/b><\/p>\n<p>Adriano Mendes Borges (Universidade Federal do Par\u00e1), Diogo Acatauass\u00fa (UFPA),<br \/>\nDavi Sales (UFPA), Diovanni Ara\u00fajo (Universidade Federal do Par\u00e1), Fabricio Farias (Federal University of Par\u00e1), Joiner S\u00e1 (Universidade Federal do Par\u00e1)<\/p>\n<p>&nbsp;<\/p>\n<ul>\n<li><strong>18:12-18:30<\/strong><\/li>\n<\/ul>\n<p><strong>Aplica\u00e7\u00e3o da Internet das Coisas para Desenvolvimento de Ferramenta de Apoio no Monitoramento Sistem\u00e1tico da Umidade do Solo<\/strong><\/p>\n<p>Luiz Santos (Instituto Federal Goiano), Daiane Corado (Universidade Federal do Tocantins), Humberto Xavier Ara\u00fajo (Universidade Federal do Tocantins)<\/p>\n<p>&nbsp;<\/p>\n<ul>\n<li><strong>18:30-18:42<\/strong><\/li>\n<\/ul>\n<p><strong>SISM: Software e Medidor Inteligente para Acompanhamento do Consumo Residencial de Energia El\u00e9trica<\/strong><\/p>\n<p>Rafael Cavalheiro (UNIVERSIDADE FEDERAL DO PAR\u00c1), Filipe Saraiva (Universidade Federal do Par\u00e1)<\/p>\n<p><img loading=\"lazy\" decoding=\"async\" class=\"alignnone size-full wp-image-31772\" src=\"https:\/\/www4.sbc.org.br\/2019\/wp-content\/uploads\/2019\/04\/cabeca06prog.png\" alt=\"\" width=\"1387\" height=\"21\" srcset=\"https:\/\/www4.sbc.org.br\/2019\/wp-content\/uploads\/2019\/04\/cabeca06prog.png 1387w, https:\/\/www4.sbc.org.br\/2019\/wp-content\/uploads\/2019\/04\/cabeca06prog-300x5.png 300w, https:\/\/www4.sbc.org.br\/2019\/wp-content\/uploads\/2019\/04\/cabeca06prog-768x12.png 768w, https:\/\/www4.sbc.org.br\/2019\/wp-content\/uploads\/2019\/04\/cabeca06prog-1024x16.png 1024w, https:\/\/www4.sbc.org.br\/2019\/wp-content\/uploads\/2019\/04\/cabeca06prog-1080x16.png 1080w\" sizes=\"auto, (max-width: 1387px) 100vw, 1387px\" \/><\/p>\n<p>[\/et_pb_text][\/et_pb_column][\/et_pb_row][\/et_pb_section]<\/p>\n","protected":false},"excerpt":{"rendered":"<p>[et_pb_section bb_built=&#8221;1&#8243; admin_label=&#8221;Se\u00e7\u00e3o&#8221; custom_padding_last_edited=&#8221;on|desktop&#8221; _builder_version=&#8221;3.3.1&#8243; background_color=&#8221;#ffffff&#8221; background_image=&#8221;https:\/\/www4.sbc.org.br\/2019\/wp-content\/uploads\/2018\/05\/apresentacao.jpg&#8221; background_position=&#8221;top_center&#8221; custom_padding=&#8221;0px||0px|&#8221; custom_padding_tablet=&#8221;50px|0|50px|0&#8243; next_background_color=&#8221;#ffffff&#8221;][et_pb_row admin_label=&#8221;Linha&#8221; padding_mobile=&#8221;off&#8221; column_padding_mobile=&#8221;on&#8221; parallax_method_1=&#8221;off&#8221; _builder_version=&#8221;3.3.1&#8243; background_size=&#8221;initial&#8221; background_position=&#8221;top_left&#8221; background_repeat=&#8221;repeat&#8221;][et_pb_column type=&#8221;4_4&#8243;][et_pb_image admin_label=&#8221;N\u00c3O MEXA &#8211; Imagem&#8221; align=&#8221;center&#8221; always_center_on_mobile=&#8221;off&#8221; disabled_on=&#8221;on|on|&#8221; _builder_version=&#8221;3.3.1&#8243; max_width=&#8221;215px&#8221;] &nbsp; [\/et_pb_image][et_pb_text admin_label=&#8221;Texto&#8221; _builder_version=&#8221;3.3.1&#8243; background_size=&#8221;initial&#8221; background_position=&#8221;top_left&#8221; background_repeat=&#8221;repeat&#8221;] 10\u00ba WCAMA [\/et_pb_text][et_pb_text admin_label=&#8221;Texto&#8221; _builder_version=&#8221;3.3.1&#8243; background_size=&#8221;initial&#8221; background_position=&#8221;top_left&#8221; background_repeat=&#8221;repeat&#8221;] Workshop de Computa\u00e7\u00e3o Aplicada \u00e0 Gest\u00e3o do Meio Ambiente e Recursos [&hellip;]<\/p>\n","protected":false},"author":2,"featured_media":0,"parent":30560,"menu_order":0,"comment_status":"closed","ping_status":"closed","template":"","meta":{"_et_pb_use_builder":"on","_et_pb_old_content":"","_et_gb_content_width":"","footnotes":""},"class_list":["post-32352","page","type-page","status-publish","hentry"],"_links":{"self":[{"href":"https:\/\/www4.sbc.org.br\/2019\/index.php?rest_route=\/wp\/v2\/pages\/32352","targetHints":{"allow":["GET"]}}],"collection":[{"href":"https:\/\/www4.sbc.org.br\/2019\/index.php?rest_route=\/wp\/v2\/pages"}],"about":[{"href":"https:\/\/www4.sbc.org.br\/2019\/index.php?rest_route=\/wp\/v2\/types\/page"}],"author":[{"embeddable":true,"href":"https:\/\/www4.sbc.org.br\/2019\/index.php?rest_route=\/wp\/v2\/users\/2"}],"replies":[{"embeddable":true,"href":"https:\/\/www4.sbc.org.br\/2019\/index.php?rest_route=%2Fwp%2Fv2%2Fcomments&post=32352"}],"version-history":[{"count":13,"href":"https:\/\/www4.sbc.org.br\/2019\/index.php?rest_route=\/wp\/v2\/pages\/32352\/revisions"}],"predecessor-version":[{"id":32997,"href":"https:\/\/www4.sbc.org.br\/2019\/index.php?rest_route=\/wp\/v2\/pages\/32352\/revisions\/32997"}],"up":[{"embeddable":true,"href":"https:\/\/www4.sbc.org.br\/2019\/index.php?rest_route=\/wp\/v2\/pages\/30560"}],"wp:attachment":[{"href":"https:\/\/www4.sbc.org.br\/2019\/index.php?rest_route=%2Fwp%2Fv2%2Fmedia&parent=32352"}],"curies":[{"name":"wp","href":"https:\/\/api.w.org\/{rel}","templated":true}]}}