{"id":31374,"date":"2019-02-14T23:04:53","date_gmt":"2019-02-15T02:04:53","guid":{"rendered":"http:\/\/csbc2019.sbc.org.br\/?page_id=31374"},"modified":"2019-07-15T09:23:50","modified_gmt":"2019-07-15T12:23:50","slug":"49secomu","status":"publish","type":"page","link":"https:\/\/www4.sbc.org.br\/2019\/?page_id=31374","title":{"rendered":"49\u00ba SECOMU"},"content":{"rendered":"<p>[et_pb_section bb_built=&#8221;1&#8243; admin_label=&#8221;Se\u00e7\u00e3o&#8221; custom_padding_last_edited=&#8221;on|desktop&#8221; _builder_version=&#8221;3.3.1&#8243; background_color=&#8221;#ffffff&#8221; background_image=&#8221;https:\/\/www4.sbc.org.br\/2019\/wp-content\/uploads\/2018\/05\/apresentacao.jpg&#8221; background_position=&#8221;top_center&#8221; custom_padding=&#8221;0px||0px|&#8221; custom_padding_tablet=&#8221;50px|0|50px|0&#8243; next_background_color=&#8221;#ffffff&#8221;][et_pb_row admin_label=&#8221;Linha&#8221; padding_mobile=&#8221;off&#8221; column_padding_mobile=&#8221;on&#8221; parallax_method_1=&#8221;off&#8221; _builder_version=&#8221;3.3.1&#8243; background_size=&#8221;initial&#8221; background_position=&#8221;top_left&#8221; background_repeat=&#8221;repeat&#8221;][et_pb_column type=&#8221;4_4&#8243;][et_pb_image admin_label=&#8221;N\u00c3O MEXA &#8211; Imagem&#8221; align=&#8221;center&#8221; always_center_on_mobile=&#8221;off&#8221; disabled_on=&#8221;on|on|&#8221; _builder_version=&#8221;3.3.1&#8243; max_width=&#8221;215px&#8221;]<\/p>\n<p>&nbsp;<\/p>\n<p>[\/et_pb_image][et_pb_text admin_label=&#8221;Texto&#8221; _builder_version=&#8221;3.3.1&#8243; background_size=&#8221;initial&#8221; background_position=&#8221;top_left&#8221; background_repeat=&#8221;repeat&#8221;]<\/p>\n<h1 style=\"text-align: center;\"><span style=\"color: #ffffff;\"><strong>49\u00ba SECOMU<\/strong><\/span><\/h1>\n<p>[\/et_pb_text][et_pb_text admin_label=&#8221;Texto&#8221; _builder_version=&#8221;3.3.1&#8243; background_size=&#8221;initial&#8221; background_position=&#8221;top_left&#8221; background_repeat=&#8221;repeat&#8221;]<\/p>\n<h3 style=\"text-align: center; color: #ffffff;\"><strong>Semin\u00e1rio de Computa\u00e7\u00e3o na Universidade<\/strong><\/h3>\n<p>[\/et_pb_text][\/et_pb_column][\/et_pb_row][\/et_pb_section][et_pb_section bb_built=&#8221;1&#8243; admin_label=&#8221;Se\u00e7\u00e3o&#8221; specialty=&#8221;on&#8221; custom_padding_last_edited=&#8221;on|desktop&#8221; parallax_method_1=&#8221;off&#8221; parallax_method_2=&#8221;off&#8221; _builder_version=&#8221;3.3.1&#8243; background_color=&#8221;#ffffff&#8221; background_image=&#8221;https:\/\/www4.sbc.org.br\/2019\/wp-content\/uploads\/2018\/06\/back02.jpg&#8221; parallax=&#8221;on&#8221; custom_padding=&#8221;12px|0px|12px|0px&#8221; custom_padding_tablet=&#8221;50px|0|50px|0&#8243; prev_background_color=&#8221;#ffffff&#8221; next_background_color=&#8221;#ffffff&#8221;][et_pb_column type=&#8221;1_4&#8243;][et_pb_sidebar admin_label=&#8221;Barra Lateral&#8221; area=&#8221;sidebar-1&#8243; disabled_on=&#8221;on|on|off&#8221; _builder_version=&#8221;3.0.47&#8243; header_font=&#8221;||||&#8221; body_font=&#8221;|on||on|&#8221; show_border=&#8221;on&#8221;]<\/p>\n<p>&nbsp;<\/p>\n<p>[\/et_pb_sidebar][\/et_pb_column][et_pb_column type=&#8221;3_4&#8243; specialty_columns=&#8221;3&#8243;][et_pb_row_inner padding_mobile=&#8221;off&#8221; column_padding_mobile=&#8221;off&#8221; _builder_version=&#8221;3.3.1&#8243;][et_pb_column_inner type=&#8221;4_4&#8243; saved_specialty_column_type=&#8221;3_4&#8243;][et_pb_text admin_label=&#8221;Apresenta\u00e7\u00e3o&#8221; _builder_version=&#8221;3.3.1&#8243;]<\/p>\n<h3 class=\"comissao-title\" style=\"text-align: center;\"><img loading=\"lazy\" decoding=\"async\" class=\"\" src=\"https:\/\/www4.sbc.org.br\/2019\/wp-content\/uploads\/2018\/06\/marcador.png\" width=\"54\" height=\"60\" \/>APRESENTA\u00c7\u00c3O<\/h3>\n<div class=\"textwidget\">\n<p>O SECOMU \u2013 Semin\u00e1rio de Computa\u00e7\u00e3o na Universidade, evento que acontece desde 1971 (a partir de 1980 junto ao congresso da SBC), re\u00fane a comunidade acad\u00eamica de Computa\u00e7\u00e3o do Brasil para discutir temas pol\u00edtico-cient\u00edficos de interesse nacional.<\/p>\n<p>O SECOMU \u00e9 estruturado em torno de pain\u00e9is que re\u00fanem a comunidade de computa\u00e7\u00e3o para discutir temas de interesse nacional no quadro pol\u00edtico-cient\u00edfico- educacional no Brasil. Os pain\u00e9is s\u00e3o compostos por personalidades pol\u00edticas, acad\u00eamicos, representantes de ag\u00eancias de fomento, membros da ind\u00fastria e da sociedade em geral.<br \/>\nAo longo dos anos, os pain\u00e9is do SECOMU ajudaram a comunidade a construir suas posi\u00e7\u00f5es pol\u00edticas em temas de grande relev\u00e2ncia, contribuindo com solu\u00e7\u00f5es e estrat\u00e9gias para o desenvolvimento tecnol\u00f3gico brasileiro, com foco na Computa\u00e7\u00e3o.<\/p>\n<p>Em 2019, o SECOMU ser\u00e1 constitu\u00eddo por 3 pain\u00e9is e uma sess\u00e3o especial dedicada \u00e0 assembleia geral da SBC no dia 17\/07\/2019.<\/p>\n<\/div>\n<p>[\/et_pb_text][\/et_pb_column_inner][\/et_pb_row_inner][et_pb_row_inner padding_mobile=&#8221;off&#8221; column_padding_mobile=&#8221;off&#8221; _builder_version=&#8221;3.0.47&#8243;][et_pb_column_inner type=&#8221;4_4&#8243; saved_specialty_column_type=&#8221;3_4&#8243;][et_pb_text admin_label=&#8221;Texto&#8221; _builder_version=&#8221;3.3.1&#8243; background_size=&#8221;initial&#8221; background_position=&#8221;top_left&#8221; background_repeat=&#8221;repeat&#8221;]<\/p>\n<h3 style=\"text-align: left;\"><strong>Pain\u00e9is<\/strong><\/h3>\n<p>Local: Audit\u00f3rio<\/p>\n<h4 style=\"text-align: center;\">Painel 1<\/h4>\n<div id=\"pg1\" style=\"overflow-x: auto;\">\n<table class=\"table-striped table-hover table-responsive\">\n<tbody>\n<tr>\n<td class=\"roudedcell\" colspan=\"2\" width=\"708\">15\/07\/2019 \u2013 Segunda-feira<\/td>\n<\/tr>\n<tr>\n<td class=\"roudedcell\" width=\"141\">14 horas<\/td>\n<td class=\"celularoxoescuro\" width=\"567\"><strong>Pol\u00edticas e estrat\u00e9gias de Tecnologia da Informa\u00e7\u00e3o para um Brasil 4.0<\/strong><\/td>\n<\/tr>\n<\/tbody>\n<\/table>\n<div><\/div>\n<ul>\n<li><strong>Paulo C\u00e9sar Rezende De Carvalho Alvim ( Secret\u00e1rio de Empreendedorismo e Inova\u00e7\u00e3o do MCTI)<\/strong><\/li>\n<li><strong>Lisandro Zambenedetti Granville\u00a0<\/strong><\/li>\n<li><strong>Avelino Zorzo (PUCRS)\u00a0<\/strong><\/li>\n<\/ul>\n<\/div>\n<p><img loading=\"lazy\" decoding=\"async\" class=\"alignnone size-full wp-image-31772\" src=\"https:\/\/www4.sbc.org.br\/2019\/wp-content\/uploads\/2019\/04\/cabeca06prog.png\" alt=\"\" width=\"1387\" height=\"21\" srcset=\"https:\/\/www4.sbc.org.br\/2019\/wp-content\/uploads\/2019\/04\/cabeca06prog.png 1387w, https:\/\/www4.sbc.org.br\/2019\/wp-content\/uploads\/2019\/04\/cabeca06prog-300x5.png 300w, https:\/\/www4.sbc.org.br\/2019\/wp-content\/uploads\/2019\/04\/cabeca06prog-768x12.png 768w, https:\/\/www4.sbc.org.br\/2019\/wp-content\/uploads\/2019\/04\/cabeca06prog-1024x16.png 1024w, https:\/\/www4.sbc.org.br\/2019\/wp-content\/uploads\/2019\/04\/cabeca06prog-1080x16.png 1080w\" sizes=\"auto, (max-width: 1387px) 100vw, 1387px\" \/><\/p>\n<p>&nbsp;<\/p>\n<h4 style=\"text-align: center;\">Painel 2<\/h4>\n<div id=\"pg2\" style=\"overflow-x: auto;\">\n<table class=\"table-striped table-hover table-responsive\">\n<tbody>\n<tr>\n<td class=\"roudedcell\" colspan=\"2\" width=\"708\">16\/07\/2019 \u2013 Ter\u00e7a-feira<\/td>\n<\/tr>\n<tr>\n<td class=\"roudedcell\" width=\"141\">14 horas<\/td>\n<td class=\"celularoxoescuro\" width=\"567\"><strong>Fomento a Projetos de Pesquisa, Desenvolvimento e Inova\u00e7\u00e3o em Tecnologia da Informa\u00e7\u00e3o<\/strong><\/td>\n<\/tr>\n<\/tbody>\n<\/table>\n<ul>\n<li><strong>Sergio Novaes (UNESP)\u00a0<\/strong><\/li>\n<li><strong>Carlos Pereira (Embrapii)\u00a0<\/strong><\/li>\n<li><strong>Nelson Sim\u00f5es (RNP)\u00a0<\/strong><\/li>\n<\/ul>\n<\/div>\n<p><img loading=\"lazy\" decoding=\"async\" class=\"alignnone size-full wp-image-31772\" src=\"https:\/\/www4.sbc.org.br\/2019\/wp-content\/uploads\/2019\/04\/cabeca06prog.png\" alt=\"\" width=\"1387\" height=\"21\" srcset=\"https:\/\/www4.sbc.org.br\/2019\/wp-content\/uploads\/2019\/04\/cabeca06prog.png 1387w, https:\/\/www4.sbc.org.br\/2019\/wp-content\/uploads\/2019\/04\/cabeca06prog-300x5.png 300w, https:\/\/www4.sbc.org.br\/2019\/wp-content\/uploads\/2019\/04\/cabeca06prog-768x12.png 768w, https:\/\/www4.sbc.org.br\/2019\/wp-content\/uploads\/2019\/04\/cabeca06prog-1024x16.png 1024w, https:\/\/www4.sbc.org.br\/2019\/wp-content\/uploads\/2019\/04\/cabeca06prog-1080x16.png 1080w\" sizes=\"auto, (max-width: 1387px) 100vw, 1387px\" \/><\/p>\n<p>&nbsp;<\/p>\n<h4 style=\"text-align: center;\">Painel 3<\/h4>\n<div id=\"pg1\" style=\"overflow-x: auto;\">\n<table class=\"table-striped table-hover table-responsive\">\n<tbody>\n<tr>\n<td class=\"roudedcell\" colspan=\"2\" width=\"708\">18\/07\/2019 \u2013 Quinta-feira<\/td>\n<\/tr>\n<tr>\n<td class=\"roudedcell\" width=\"141\">14 horas<\/td>\n<td class=\"celularoxoescuro\" width=\"567\"><strong>Desafios de Pesquisa em Computa\u00e7\u00e3o: Passado, Presente e Futuro<\/strong><\/td>\n<\/tr>\n<\/tbody>\n<\/table>\n<div><\/div>\n<div>\n<ul>\n<li><strong>Sergio Soares (UFPE e ISI-TICs)\u00a0<\/strong><\/li>\n<li><strong>Flavio Wagner (UFRGS)\u00a0<\/strong><\/li>\n<li><strong>Andr\u00e9 Ponce de Carvalho (USP)<\/strong><\/li>\n<\/ul>\n<\/div>\n<p class=\"description\"><img loading=\"lazy\" decoding=\"async\" class=\"alignnone size-full wp-image-31772\" src=\"https:\/\/www4.sbc.org.br\/2019\/wp-content\/uploads\/2019\/04\/cabeca06prog.png\" alt=\"\" width=\"1387\" height=\"21\" srcset=\"https:\/\/www4.sbc.org.br\/2019\/wp-content\/uploads\/2019\/04\/cabeca06prog.png 1387w, https:\/\/www4.sbc.org.br\/2019\/wp-content\/uploads\/2019\/04\/cabeca06prog-300x5.png 300w, https:\/\/www4.sbc.org.br\/2019\/wp-content\/uploads\/2019\/04\/cabeca06prog-768x12.png 768w, https:\/\/www4.sbc.org.br\/2019\/wp-content\/uploads\/2019\/04\/cabeca06prog-1024x16.png 1024w, https:\/\/www4.sbc.org.br\/2019\/wp-content\/uploads\/2019\/04\/cabeca06prog-1080x16.png 1080w\" sizes=\"auto, (max-width: 1387px) 100vw, 1387px\" \/><\/p>\n<\/div>\n<p>[\/et_pb_text][\/et_pb_column_inner][\/et_pb_row_inner][\/et_pb_column][\/et_pb_section][et_pb_section bb_built=&#8221;1&#8243; admin_label=&#8221;Se\u00e7\u00e3o&#8221; custom_padding_last_edited=&#8221;on|desktop&#8221; _builder_version=&#8221;3.0.47&#8243; background_color=&#8221;#ffffff&#8221; custom_padding_tablet=&#8221;50px|0|50px|0&#8243; padding_mobile=&#8221;off&#8221; prev_background_color=&#8221;#000000&#8243;][et_pb_row admin_label=&#8221;Linha&#8221; padding_mobile=&#8221;off&#8221; column_padding_mobile=&#8221;on&#8221; _builder_version=&#8221;3.0.47&#8243; background_size=&#8221;initial&#8221; background_position=&#8221;top_left&#8221; background_repeat=&#8221;repeat&#8221;][et_pb_column type=&#8221;1_3&#8243;][\/et_pb_column][et_pb_column type=&#8221;1_3&#8243;][et_pb_text admin_label=&#8221;Coordenadores&#8221; _builder_version=&#8221;3.3.1&#8243; background_size=&#8221;initial&#8221; background_position=&#8221;top_left&#8221; background_repeat=&#8221;repeat&#8221;]<\/p>\n<h3>Coordenadores do\u00a0<strong>49\u00ba SECOMU\u00a0<\/strong><\/h3>\n<p>&nbsp;<\/p>\n<h3>Coordena\u00e7\u00e3o Geral<\/h3>\n<p>Wagner Meira Jr.<br \/>\nDCC\/UFMG<\/p>\n<h3>Apoio Local<\/h3>\n<p>Hugo Kuribayashi<br \/>\nFACEEL\/IGE\/Unifesspa<\/p>\n<p>[\/et_pb_text][\/et_pb_column][et_pb_column type=&#8221;1_3&#8243;][\/et_pb_column][\/et_pb_row][\/et_pb_section]<\/p>\n","protected":false},"excerpt":{"rendered":"<p>[et_pb_section bb_built=&#8221;1&#8243; admin_label=&#8221;Se\u00e7\u00e3o&#8221; custom_padding_last_edited=&#8221;on|desktop&#8221; _builder_version=&#8221;3.3.1&#8243; background_color=&#8221;#ffffff&#8221; background_image=&#8221;https:\/\/www4.sbc.org.br\/2019\/wp-content\/uploads\/2018\/05\/apresentacao.jpg&#8221; background_position=&#8221;top_center&#8221; custom_padding=&#8221;0px||0px|&#8221; custom_padding_tablet=&#8221;50px|0|50px|0&#8243; next_background_color=&#8221;#ffffff&#8221;][et_pb_row admin_label=&#8221;Linha&#8221; padding_mobile=&#8221;off&#8221; column_padding_mobile=&#8221;on&#8221; parallax_method_1=&#8221;off&#8221; _builder_version=&#8221;3.3.1&#8243; background_size=&#8221;initial&#8221; background_position=&#8221;top_left&#8221; background_repeat=&#8221;repeat&#8221;][et_pb_column type=&#8221;4_4&#8243;][et_pb_image admin_label=&#8221;N\u00c3O MEXA &#8211; Imagem&#8221; align=&#8221;center&#8221; always_center_on_mobile=&#8221;off&#8221; disabled_on=&#8221;on|on|&#8221; _builder_version=&#8221;3.3.1&#8243; max_width=&#8221;215px&#8221;] &nbsp; [\/et_pb_image][et_pb_text admin_label=&#8221;Texto&#8221; _builder_version=&#8221;3.3.1&#8243; background_size=&#8221;initial&#8221; background_position=&#8221;top_left&#8221; background_repeat=&#8221;repeat&#8221;] 49\u00ba SECOMU [\/et_pb_text][et_pb_text admin_label=&#8221;Texto&#8221; _builder_version=&#8221;3.3.1&#8243; background_size=&#8221;initial&#8221; background_position=&#8221;top_left&#8221; background_repeat=&#8221;repeat&#8221;] Semin\u00e1rio de Computa\u00e7\u00e3o na Universidade [\/et_pb_text][\/et_pb_column][\/et_pb_row][\/et_pb_section][et_pb_section bb_built=&#8221;1&#8243; admin_label=&#8221;Se\u00e7\u00e3o&#8221; specialty=&#8221;on&#8221; custom_padding_last_edited=&#8221;on|desktop&#8221; parallax_method_1=&#8221;off&#8221; [&hellip;]<\/p>\n","protected":false},"author":2,"featured_media":0,"parent":30239,"menu_order":0,"comment_status":"closed","ping_status":"closed","template":"","meta":{"_et_pb_use_builder":"on","_et_pb_old_content":"","_et_gb_content_width":"","footnotes":""},"class_list":["post-31374","page","type-page","status-publish","hentry"],"_links":{"self":[{"href":"https:\/\/www4.sbc.org.br\/2019\/index.php?rest_route=\/wp\/v2\/pages\/31374","targetHints":{"allow":["GET"]}}],"collection":[{"href":"https:\/\/www4.sbc.org.br\/2019\/index.php?rest_route=\/wp\/v2\/pages"}],"about":[{"href":"https:\/\/www4.sbc.org.br\/2019\/index.php?rest_route=\/wp\/v2\/types\/page"}],"author":[{"embeddable":true,"href":"https:\/\/www4.sbc.org.br\/2019\/index.php?rest_route=\/wp\/v2\/users\/2"}],"replies":[{"embeddable":true,"href":"https:\/\/www4.sbc.org.br\/2019\/index.php?rest_route=%2Fwp%2Fv2%2Fcomments&post=31374"}],"version-history":[{"count":10,"href":"https:\/\/www4.sbc.org.br\/2019\/index.php?rest_route=\/wp\/v2\/pages\/31374\/revisions"}],"predecessor-version":[{"id":32973,"href":"https:\/\/www4.sbc.org.br\/2019\/index.php?rest_route=\/wp\/v2\/pages\/31374\/revisions\/32973"}],"up":[{"embeddable":true,"href":"https:\/\/www4.sbc.org.br\/2019\/index.php?rest_route=\/wp\/v2\/pages\/30239"}],"wp:attachment":[{"href":"https:\/\/www4.sbc.org.br\/2019\/index.php?rest_route=%2Fwp%2Fv2%2Fmedia&parent=31374"}],"curies":[{"name":"wp","href":"https:\/\/api.w.org\/{rel}","templated":true}]}}