{"id":31006,"date":"2019-01-22T11:33:06","date_gmt":"2019-01-22T14:33:06","guid":{"rendered":"http:\/\/csbc2019.sbc.org.br\/?page_id=31006"},"modified":"2019-05-31T14:15:57","modified_gmt":"2019-05-31T17:15:57","slug":"20cq","status":"publish","type":"page","link":"https:\/\/www4.sbc.org.br\/2019\/?page_id=31006","title":{"rendered":"20\u00ba CQ"},"content":{"rendered":"<p>[et_pb_section bb_built=&#8221;1&#8243; admin_label=&#8221;Se\u00e7\u00e3o&#8221; background_image=&#8221;https:\/\/www4.sbc.org.br\/2019\/wp-content\/uploads\/2018\/05\/apresentacao.jpg&#8221; background_color=&#8221;#ffffff&#8221; custom_padding=&#8221;0px||0px|&#8221; custom_padding_tablet=&#8221;50px|0|50px|0&#8243; custom_padding_last_edited=&#8221;on|desktop&#8221; next_background_color=&#8221;#ffffff&#8221; _builder_version=&#8221;3.3.1&#8243; background_position=&#8221;top_center&#8221;][et_pb_row admin_label=&#8221;Linha&#8221; padding_mobile=&#8221;off&#8221; column_padding_mobile=&#8221;on&#8221; parallax_method_1=&#8221;off&#8221; background_position=&#8221;top_left&#8221; background_repeat=&#8221;repeat&#8221; background_size=&#8221;initial&#8221; _builder_version=&#8221;3.3.1&#8243;][et_pb_column type=&#8221;4_4&#8243;][et_pb_image admin_label=&#8221;N\u00c3O MEXA &#8211; Imagem&#8221; max_width=&#8221;215px&#8221; always_center_on_mobile=&#8221;off&#8221; disabled_on=&#8221;on|on|&#8221; _builder_version=&#8221;3.3.1&#8243; align=&#8221;center&#8221; \/][et_pb_text admin_label=&#8221;Texto&#8221; background_position=&#8221;top_left&#8221; background_repeat=&#8221;repeat&#8221; background_size=&#8221;initial&#8221; _builder_version=&#8221;3.3.1&#8243;]<\/p>\n<h1 style=\"text-align: center;\"><span style=\"color: #ffffff;\"><strong>20\u00ba CQ<\/strong><\/span><\/h1>\n<p>[\/et_pb_text][et_pb_text admin_label=&#8221;Texto&#8221; background_position=&#8221;top_left&#8221; background_repeat=&#8221;repeat&#8221; background_size=&#8221;initial&#8221; _builder_version=&#8221;3.3.1&#8243;]<\/p>\n<h3 style=\"text-align: center; color: #ffffff;\"><strong>20\u00ba Curso de Qualidade<\/strong><\/h3>\n<p>[\/et_pb_text][\/et_pb_column][\/et_pb_row][\/et_pb_section][et_pb_section bb_built=&#8221;1&#8243; admin_label=&#8221;Se\u00e7\u00e3o&#8221; background_image=&#8221;https:\/\/www4.sbc.org.br\/2019\/wp-content\/uploads\/2018\/06\/back02.jpg&#8221; background_color=&#8221;#ffffff&#8221; custom_padding=&#8221;12px|0px|12px|0px&#8221; specialty=&#8221;on&#8221; parallax_method_1=&#8221;off&#8221; parallax_method_2=&#8221;off&#8221; custom_padding_tablet=&#8221;50px|0|50px|0&#8243; custom_padding_last_edited=&#8221;on|desktop&#8221; prev_background_color=&#8221;#ffffff&#8221; next_background_color=&#8221;#ffffff&#8221; _builder_version=&#8221;3.3.1&#8243;][et_pb_column type=&#8221;1_4&#8243;][et_pb_sidebar admin_label=&#8221;Barra Lateral&#8221; area=&#8221;sidebar-1&#8243; disabled_on=&#8221;on|on|off&#8221; header_font=&#8221;||||&#8221; body_font=&#8221;|on||on|&#8221; show_border=&#8221;on&#8221; \/][\/et_pb_column][et_pb_column type=&#8221;3_4&#8243; specialty_columns=&#8221;3&#8243;][et_pb_row_inner padding_mobile=&#8221;off&#8221; column_padding_mobile=&#8221;off&#8221; _builder_version=&#8221;3.3.1&#8243;][et_pb_column_inner type=&#8221;4_4&#8243; saved_specialty_column_type=&#8221;3_4&#8243;][et_pb_text admin_label=&#8221;Apresenta\u00e7\u00e3o&#8221; _builder_version=&#8221;3.3.1&#8243;]<\/p>\n<h3 class=\"comissao-title\" style=\"text-align: center;\"><img loading=\"lazy\" decoding=\"async\" class=\"alignnone wp-image-30226\" src=\"https:\/\/www4.sbc.org.br\/2019\/wp-content\/uploads\/2018\/06\/marcador.png\" alt=\"\" width=\"30\" height=\"33\" \/>APRESENTA\u00c7\u00c3O<\/h3>\n<div class=\"textwidget\">\n<p><span style=\"font-family: 'Arial',sans-serif;\">O Curso de Qualidade no Ensino da Computa\u00e7\u00e3o \u00e9 um evento realizado pela Comiss\u00e3o de Educa\u00e7\u00e3o da SBC com o objetivo de discutir temas relacionados a Curr\u00edculo e Processos Formativos na \u00c1rea da Computa\u00e7\u00e3o; Diretrizes e Referenciais Curriculares; Projetos Pedag\u00f3gicos de Curso; Processo e Metodologias de Ensino e Aprendizagem; Tecnologias Educacionais, entre outros. O p\u00fablico alvo do evento \u00e9 a comunidade acad\u00eamica representada principalmente pelos professores, tutores e coordenadores de cursos da \u00c1rea de Computa\u00e7\u00e3o.<\/span><\/p>\n<p class=\"hyphenate\" style=\"text-align: justify; line-height: 200%; margin: 18.0pt 0cm .0001pt 0cm;\"><span style=\"font-family: 'Arial',sans-serif;\">A 20\u00aa edi\u00e7\u00e3o do Curso de Qualidade no Ensino da Computa\u00e7\u00e3o (CQ 2019) ser\u00e1 realizada no dia 14 de julho (domingo) como parte do XXXIX Congresso da Sociedade Brasileira de Computa\u00e7\u00e3o (CSBC 2019) e ocorrer\u00e1 na cidade de Bel\u00e9m\/PA. A programa\u00e7\u00e3o estabelecida para o evento possibilita que os participantes do CQ possam participar tamb\u00e9m do 27\u00ba Workshop sobre Educa\u00e7\u00e3o em Computa\u00e7\u00e3o (WEI 2019) e demais eventos sat\u00e9lites do CSBC 2019 e interagir por mais tempo e proporcionar maior integra\u00e7\u00e3o do p\u00fablico interessado e atuante na Educa\u00e7\u00e3o em Computa\u00e7\u00e3o.<\/span><\/p>\n<p>Durante o CQ 2019 ser\u00e1 abordado o tema \u201c<strong>Aprendizagem Ativa e Abordagem por Compet\u00eancias<\/strong>\u201d. Para isto a programa\u00e7\u00e3o prev\u00ea uma palestra sobre \u201c<strong>Abordagem por Compet\u00eancias na constru\u00e7\u00e3o de Projetos Pedag\u00f3gicos na \u00c1rea de Computa\u00e7\u00e3o<\/strong>\u201d, um painel sobre \u201c<strong>Metodologias de Aprendizagem Ativa em Cursos da \u00c1rea de Computa\u00e7\u00e3o<\/strong>\u201d e um workshop que versar\u00e1 sobre \u201c<strong>Aprendizagem Baseada em Projetos em Cursos da \u00c1rea de Computa\u00e7\u00e3o<\/strong>\u201d.<\/p>\n<p class=\"hyphenate\" style=\"text-align: justify; line-height: 200%; margin: 18.0pt 0cm .0001pt 0cm;\"><span style=\"font-family: 'Arial',sans-serif;\">Assim, convidamos diretores, coordenadores, professores, pesquisadores e profissionais envolvidos na forma\u00e7\u00e3o na \u00c1rea da Computa\u00e7\u00e3o para participarem e congregarem com todos aqueles que buscam mais qualidade na Educa\u00e7\u00e3o em Computa\u00e7\u00e3o.<\/span><\/p>\n<p>A programa\u00e7\u00e3o as inscri\u00e7\u00f5es no CQ 2019 est\u00e3o dispon\u00edveis na p\u00e1gina do CSBC 2019.<\/p>\n<a href='https:\/\/www4.sbc.org.br\/2019\/eventos\/20cq\/programacao\/' class='small-button smallpurple'>PROGRAMA\u00c7\u00c3O CQ<\/a>\n<\/div>\n<p>[\/et_pb_text][\/et_pb_column_inner][\/et_pb_row_inner][\/et_pb_column][\/et_pb_section][et_pb_section bb_built=&#8221;1&#8243; admin_label=&#8221;Se\u00e7\u00e3o&#8221; background_color=&#8221;#ffffff&#8221; custom_padding_tablet=&#8221;50px|0|50px|0&#8243; custom_padding_last_edited=&#8221;on|desktop&#8221; prev_background_color=&#8221;#ffffff&#8221; _builder_version=&#8221;3.3.1&#8243; background_image=&#8221;https:\/\/www4.sbc.org.br\/2019\/wp-content\/uploads\/2019\/02\/texturaft4.png&#8221; background_repeat=&#8221;repeat&#8221; box_shadow_style=&#8221;preset6&#8243;][et_pb_row][et_pb_column type=&#8221;4_4&#8243;][et_pb_text _builder_version=&#8221;3.3.1&#8243;]<\/p>\n<h3 style=\"text-align: center;\">Coordenadores do <strong>20\u00ba CQ<\/strong><\/h3>\n<p>[\/et_pb_text][\/et_pb_column][\/et_pb_row][et_pb_row admin_label=&#8221;Linha&#8221; padding_mobile=&#8221;off&#8221; column_padding_mobile=&#8221;on&#8221; background_position=&#8221;top_left&#8221; background_repeat=&#8221;repeat&#8221; background_size=&#8221;initial&#8221;][et_pb_column type=&#8221;1_2&#8243;][et_pb_text admin_label=&#8221;Coordenadores&#8221; background_position=&#8221;top_left&#8221; background_repeat=&#8221;repeat&#8221; background_size=&#8221;initial&#8221; _builder_version=&#8221;3.3.1&#8243;]<\/p>\n<h3><\/h3>\n<h3 style=\"text-align: center;\">Coordena\u00e7\u00e3o Geral<\/h3>\n<h4 style=\"text-align: center;\"><strong>Ronaldo Correia (FCT\/UNESP)<\/strong><\/h4>\n<p style=\"text-align: center;\">ronaldo@fct.unesp.br<\/p>\n<h4 style=\"text-align: center;\"><strong>Alexandre Cidral (UNIVILLE)<\/strong><\/h4>\n<p style=\"text-align: center;\">alexandre.cidral@univille.br<\/p>\n<p>&nbsp;<\/p>\n<p>[\/et_pb_text][\/et_pb_column][et_pb_column type=&#8221;1_2&#8243;][et_pb_text _builder_version=&#8221;3.3.1&#8243;]<\/p>\n<h3 style=\"text-align: center;\">Apoio Local<\/h3>\n<h4 style=\"text-align: center;\">Carlos Quadros (UFRA)<\/h4>\n<p style=\"text-align: center;\">jeanqds@gmail.com<\/p>\n<p>[\/et_pb_text][\/et_pb_column][\/et_pb_row][\/et_pb_section]<\/p>\n","protected":false},"excerpt":{"rendered":"<p>[et_pb_section bb_built=&#8221;1&#8243; admin_label=&#8221;Se\u00e7\u00e3o&#8221; background_image=&#8221;https:\/\/www4.sbc.org.br\/2019\/wp-content\/uploads\/2018\/05\/apresentacao.jpg&#8221; background_color=&#8221;#ffffff&#8221; custom_padding=&#8221;0px||0px|&#8221; custom_padding_tablet=&#8221;50px|0|50px|0&#8243; custom_padding_last_edited=&#8221;on|desktop&#8221; next_background_color=&#8221;#ffffff&#8221; _builder_version=&#8221;3.3.1&#8243; background_position=&#8221;top_center&#8221;][et_pb_row admin_label=&#8221;Linha&#8221; padding_mobile=&#8221;off&#8221; column_padding_mobile=&#8221;on&#8221; parallax_method_1=&#8221;off&#8221; background_position=&#8221;top_left&#8221; background_repeat=&#8221;repeat&#8221; background_size=&#8221;initial&#8221; _builder_version=&#8221;3.3.1&#8243;][et_pb_column type=&#8221;4_4&#8243;][et_pb_image admin_label=&#8221;N\u00c3O MEXA &#8211; Imagem&#8221; max_width=&#8221;215px&#8221; always_center_on_mobile=&#8221;off&#8221; disabled_on=&#8221;on|on|&#8221; _builder_version=&#8221;3.3.1&#8243; align=&#8221;center&#8221; \/][et_pb_text admin_label=&#8221;Texto&#8221; background_position=&#8221;top_left&#8221; background_repeat=&#8221;repeat&#8221; background_size=&#8221;initial&#8221; _builder_version=&#8221;3.3.1&#8243;] 20\u00ba CQ [\/et_pb_text][et_pb_text admin_label=&#8221;Texto&#8221; background_position=&#8221;top_left&#8221; background_repeat=&#8221;repeat&#8221; background_size=&#8221;initial&#8221; _builder_version=&#8221;3.3.1&#8243;] 20\u00ba Curso de Qualidade [\/et_pb_text][\/et_pb_column][\/et_pb_row][\/et_pb_section][et_pb_section bb_built=&#8221;1&#8243; admin_label=&#8221;Se\u00e7\u00e3o&#8221; background_image=&#8221;https:\/\/www4.sbc.org.br\/2019\/wp-content\/uploads\/2018\/06\/back02.jpg&#8221; background_color=&#8221;#ffffff&#8221; custom_padding=&#8221;12px|0px|12px|0px&#8221; specialty=&#8221;on&#8221; parallax_method_1=&#8221;off&#8221; [&hellip;]<\/p>\n","protected":false},"author":2,"featured_media":0,"parent":30239,"menu_order":0,"comment_status":"closed","ping_status":"closed","template":"","meta":{"_et_pb_use_builder":"on","_et_pb_old_content":"","_et_gb_content_width":"","footnotes":""},"class_list":["post-31006","page","type-page","status-publish","hentry"],"_links":{"self":[{"href":"https:\/\/www4.sbc.org.br\/2019\/index.php?rest_route=\/wp\/v2\/pages\/31006","targetHints":{"allow":["GET"]}}],"collection":[{"href":"https:\/\/www4.sbc.org.br\/2019\/index.php?rest_route=\/wp\/v2\/pages"}],"about":[{"href":"https:\/\/www4.sbc.org.br\/2019\/index.php?rest_route=\/wp\/v2\/types\/page"}],"author":[{"embeddable":true,"href":"https:\/\/www4.sbc.org.br\/2019\/index.php?rest_route=\/wp\/v2\/users\/2"}],"replies":[{"embeddable":true,"href":"https:\/\/www4.sbc.org.br\/2019\/index.php?rest_route=%2Fwp%2Fv2%2Fcomments&post=31006"}],"version-history":[{"count":10,"href":"https:\/\/www4.sbc.org.br\/2019\/index.php?rest_route=\/wp\/v2\/pages\/31006\/revisions"}],"predecessor-version":[{"id":32250,"href":"https:\/\/www4.sbc.org.br\/2019\/index.php?rest_route=\/wp\/v2\/pages\/31006\/revisions\/32250"}],"up":[{"embeddable":true,"href":"https:\/\/www4.sbc.org.br\/2019\/index.php?rest_route=\/wp\/v2\/pages\/30239"}],"wp:attachment":[{"href":"https:\/\/www4.sbc.org.br\/2019\/index.php?rest_route=%2Fwp%2Fv2%2Fmedia&parent=31006"}],"curies":[{"name":"wp","href":"https:\/\/api.w.org\/{rel}","templated":true}]}}