{"id":30613,"date":"2018-12-19T14:16:33","date_gmt":"2018-12-19T17:16:33","guid":{"rendered":"http:\/\/csbc2019.sbc.org.br\/?page_id=30613"},"modified":"2019-07-23T22:34:14","modified_gmt":"2019-07-24T01:34:14","slug":"38ctic","status":"publish","type":"page","link":"https:\/\/www4.sbc.org.br\/2019\/?page_id=30613","title":{"rendered":"38\u00ba CTIC"},"content":{"rendered":"<p>[et_pb_section bb_built=&#8221;1&#8243; admin_label=&#8221;Se\u00e7\u00e3o&#8221; custom_padding_last_edited=&#8221;on|desktop&#8221; _builder_version=&#8221;3.3.1&#8243; background_color=&#8221;#ffffff&#8221; background_image=&#8221;https:\/\/www4.sbc.org.br\/2019\/wp-content\/uploads\/2018\/05\/apresentacao.jpg&#8221; background_position=&#8221;top_center&#8221; custom_padding=&#8221;0px||0px|&#8221; custom_padding_tablet=&#8221;50px|0|50px|0&#8243; next_background_color=&#8221;#ffffff&#8221;][et_pb_row admin_label=&#8221;Linha&#8221; padding_mobile=&#8221;off&#8221; column_padding_mobile=&#8221;on&#8221; parallax_method_1=&#8221;off&#8221; _builder_version=&#8221;3.3.1&#8243; background_size=&#8221;initial&#8221; background_position=&#8221;top_left&#8221; background_repeat=&#8221;repeat&#8221;][et_pb_column type=&#8221;4_4&#8243;][et_pb_image admin_label=&#8221;N\u00c3O MEXA &#8211; Imagem&#8221; align=&#8221;center&#8221; always_center_on_mobile=&#8221;off&#8221; disabled_on=&#8221;on|on|&#8221; _builder_version=&#8221;3.3.1&#8243; max_width=&#8221;215px&#8221; \/][et_pb_text admin_label=&#8221;Texto&#8221; _builder_version=&#8221;3.3.1&#8243; background_size=&#8221;initial&#8221; background_position=&#8221;top_left&#8221; background_repeat=&#8221;repeat&#8221;]<\/p>\n<h1 style=\"text-align: center;\"><span style=\"color: #ffffff;\"><strong>38\u00ba CTIC<\/strong><\/span><\/h1>\n<p>[\/et_pb_text][et_pb_text admin_label=&#8221;Texto&#8221; _builder_version=&#8221;3.3.1&#8243; background_size=&#8221;initial&#8221; background_position=&#8221;top_left&#8221; background_repeat=&#8221;repeat&#8221;]<\/p>\n<h3 style=\"text-align: center; color: #ffffff;\"><strong>XXXVIII Concurso de Trabalhos de Inicia\u00e7\u00e3o Cient\u00edfica<\/strong><\/h3>\n<p>[\/et_pb_text][\/et_pb_column][\/et_pb_row][\/et_pb_section][et_pb_section bb_built=&#8221;1&#8243; admin_label=&#8221;Se\u00e7\u00e3o&#8221; specialty=&#8221;on&#8221; custom_padding_last_edited=&#8221;on|desktop&#8221; parallax_method_1=&#8221;off&#8221; parallax_method_2=&#8221;off&#8221; _builder_version=&#8221;3.3.1&#8243; background_color=&#8221;#ffffff&#8221; background_image=&#8221;https:\/\/www4.sbc.org.br\/2019\/wp-content\/uploads\/2018\/06\/back02.jpg&#8221; custom_padding=&#8221;12px|0px|12px|0px&#8221; custom_padding_tablet=&#8221;50px|0|50px|0&#8243; prev_background_color=&#8221;#ffffff&#8221; next_background_color=&#8221;#ffffff&#8221;][et_pb_column type=&#8221;1_4&#8243;][et_pb_sidebar admin_label=&#8221;Barra Lateral&#8221; area=&#8221;sidebar-1&#8243; disabled_on=&#8221;on|on|off&#8221; _builder_version=&#8221;3.0.47&#8243; header_font=&#8221;||||&#8221; body_font=&#8221;|on||on|&#8221; show_border=&#8221;on&#8221; \/][\/et_pb_column][et_pb_column type=&#8221;3_4&#8243; specialty_columns=&#8221;3&#8243;][et_pb_row_inner padding_mobile=&#8221;off&#8221; column_padding_mobile=&#8221;off&#8221; _builder_version=&#8221;3.3.1&#8243;][et_pb_column_inner type=&#8221;4_4&#8243; saved_specialty_column_type=&#8221;3_4&#8243;][et_pb_text admin_label=&#8221;Apresenta\u00e7\u00e3o&#8221; _builder_version=&#8221;3.3.1&#8243;]<\/p>\n<h3 class=\"comissao-title\" style=\"text-align: center;\"><img loading=\"lazy\" decoding=\"async\" class=\"\" src=\"https:\/\/www4.sbc.org.br\/2019\/wp-content\/uploads\/2018\/06\/marcador.png\" width=\"54\" height=\"60\" \/>APRESENTA\u00c7\u00c3O<\/h3>\n<div class=\"textwidget\">\n<p>O Concurso de Trabalhos de Inicia\u00e7\u00e3o Cient\u00edfica (CTIC) \u00e9 um evento anual da Sociedade Brasileira de Computa\u00e7\u00e3o que ocorre durante o Congresso da Sociedade Brasileira de Computa\u00e7\u00e3o (CSBC). O evento seleciona trabalhos excepcionais desenvolvidos por alunos de gradua\u00e7\u00e3o, que s\u00e3o publicados nos anais do CSBC e premiados. O CTIC tem como objetivo incentivar alunos de todos os cursos de gradua\u00e7\u00e3o da \u00e1rea de Computa\u00e7\u00e3o a produzirem textos cient\u00edficos originais sobre trabalhos realizados por eles, em temas relacionados \u00e0 \u00e1rea.<\/p>\n<\/div>\n<p>&nbsp;<\/p>\n<p style=\"text-align: center;\"><a href='https:\/\/www4.sbc.org.br\/2019\/eventos\/38ctic\/artigosaceitos\/' class='small-button smallpurple'>ARTIGOS ACEITOS<\/a>\u00a0 \u00a0 <a href='https:\/\/www4.sbc.org.br\/2019\/eventos\/38ctic\/programacao\/' class='small-button smallpurple'>PROGRAMA\u00c7\u00c3O<\/a>\u00a0 \u00a0 <a href='https:\/\/www4.sbc.org.br\/2019\/eventos\/38ctic\/trabalhospremiados\/' class='small-button smallpurple'>TRABALHOS PREMIADOS<\/a><\/p>\n<p>[\/et_pb_text][\/et_pb_column_inner][\/et_pb_row_inner][et_pb_row_inner padding_mobile=&#8221;off&#8221; column_padding_mobile=&#8221;off&#8221; _builder_version=&#8221;3.3.1&#8243;][et_pb_column_inner type=&#8221;4_4&#8243; saved_specialty_column_type=&#8221;3_4&#8243;][et_pb_text admin_label=&#8221;Crit\u00e9rios para Participa\u00e7\u00e3o&#8221; _builder_version=&#8221;3.3.1&#8243;]<\/p>\n<h3 class=\"comissao-title\" style=\"text-align: center;\"><img loading=\"lazy\" decoding=\"async\" class=\"\" src=\"https:\/\/www4.sbc.org.br\/2019\/wp-content\/uploads\/2018\/06\/marcador.png\" width=\"54\" height=\"60\" \/>Crit\u00e9rios para Participa\u00e7\u00e3o<\/h3>\n<div class=\"textwidget\">\n<p>Podem participar do CTIC 2019 estudantes matriculados ou que tenham sido diplomados ap\u00f3s 30 de julho de 2018 em Institui\u00e7\u00f5es de Ensino Superior (IES) brasileiras. A situa\u00e7\u00e3o de aluno de Gradua\u00e7\u00e3o ou rec\u00e9m-graduado deve ser comprovada com documenta\u00e7\u00e3o apropriada, que dever\u00e1 ser enviada atrav\u00e9s da plataforma de submiss\u00e3o de trabalhos.<\/p>\n<p>No caso do trabalho ser integrante de um projeto mais amplo, o conte\u00fado do artigo deve permitir identificar, de forma clara, os limites de desenvolvimento, como o trabalho se relaciona \u00e0s demais atividades do projeto e quais foram efetivamente as a\u00e7\u00f5es e a contribui\u00e7\u00e3o do aluno de gradua\u00e7\u00e3o ou grupo de alunos de gradua\u00e7\u00e3o.<\/p>\n<\/div>\n<p>[\/et_pb_text][\/et_pb_column_inner][\/et_pb_row_inner][et_pb_row_inner padding_mobile=&#8221;off&#8221; column_padding_mobile=&#8221;off&#8221; _builder_version=&#8221;3.3.1&#8243;][et_pb_column_inner type=&#8221;4_4&#8243; saved_specialty_column_type=&#8221;3_4&#8243;][et_pb_text admin_label=&#8221;Sele\u00e7\u00e3o e Premia\u00e7\u00e3o&#8221; _builder_version=&#8221;3.3.1&#8243;]<\/p>\n<h3 class=\"comissao-title\" style=\"text-align: center;\"><img loading=\"lazy\" decoding=\"async\" class=\"\" src=\"https:\/\/www4.sbc.org.br\/2019\/wp-content\/uploads\/2018\/06\/marcador.png\" width=\"54\" height=\"60\" \/>Sele\u00e7\u00e3o e Premia\u00e7\u00e3o<\/h3>\n<div class=\"textwidget\">\n<p>Ressalta-se que, para a sele\u00e7\u00e3o dos trabalhos, cada artigo ser\u00e1 revisado por, pelo menos, tr\u00eas especialistas, e tr\u00eas artigos ser\u00e3o selecionados para apresenta\u00e7\u00e3o no CTIC 2019. Para fins de premia\u00e7\u00e3o, ser\u00e1 avaliada tamb\u00e9m a qualidade da apresenta\u00e7\u00e3o oral. Portanto, trabalhos n\u00e3o apresentados no CTIC 2019 n\u00e3o concorrer\u00e3o ao pr\u00eamio.<\/p>\n<p>Os tr\u00eas melhores artigos ser\u00e3o premiados durante o evento. \u00c9 obrigat\u00f3rio que pelo menos um autor de cada artigo aprovado esteja inscrito no CSBC 2019 (em qualquer categoria) para que tenham seu artigo publicado nos anais. <strong>O prazo para envio do comprovante de inscri\u00e7\u00e3o e do termo de autoriza\u00e7\u00e3o para publica\u00e7\u00e3o \u00e9 06\/05\/2019<\/strong>. Os concorrentes receber\u00e3o ajuda de custo de 3 di\u00e1rias CNPq (somente uma pessoa por artigo concorrente). Para receber a ajuda de custo o concorrente deve apresentar o artigo e estar presente durante a premia\u00e7\u00e3o, somente ap\u00f3s a solenidade, ser\u00e1 concedido o benef\u00edcio. A premia\u00e7\u00e3o do CTD e do CTIC ser\u00e1 realizada durante a Assembleia, na quarta-feira, provavelmente no hor\u00e1rio das 14h \u00e0s 16h.<\/p>\n<p>Al\u00e9m disso, faremos a recomenda\u00e7\u00e3o para a publica\u00e7\u00e3o de uma edi\u00e7\u00e3o especial da Revista Eletr\u00f4nica de Inicia\u00e7\u00e3o Cient\u00edfica (REIC) com 10 melhores trabalhos, respeitando-se a ordem de classifica\u00e7\u00e3o geral no Concurso. A REIC \u00e9 uma revista publicada pela SBC e destinada exclusivamente a trabalhos cient\u00edficos produzidos por estudantes de Gradua\u00e7\u00e3o das \u00e1reas de Computa\u00e7\u00e3o e Inform\u00e1tica.<\/p>\n<\/div>\n<p>[\/et_pb_text][\/et_pb_column_inner][\/et_pb_row_inner][et_pb_row_inner padding_mobile=&#8221;off&#8221; column_padding_mobile=&#8221;off&#8221; _builder_version=&#8221;3.0.47&#8243;][et_pb_column_inner type=&#8221;1_2&#8243; saved_specialty_column_type=&#8221;3_4&#8243;][et_pb_text admin_label=&#8221;Datas Importantes&#8221; _builder_version=&#8221;3.3.1&#8243;]<\/p>\n<h2><img loading=\"lazy\" decoding=\"async\" class=\"\" src=\"https:\/\/www4.sbc.org.br\/2019\/wp-content\/uploads\/2018\/06\/marcador.png\" width=\"39\" height=\"43\" \/>Datas Importantes<\/h2>\n<ul>\n<li>Submiss\u00e3o de artigos at\u00e9:\u00a0<strong><span style=\"text-decoration: line-through;\"> 25\/03\/2019 <em>(prorrogado)<\/em><\/span><\/strong><\/li>\n<li><strong>29\/04\/2019<\/strong> &#8211; Notifica\u00e7\u00e3o dos melhores trabalhos<\/li>\n<li><strong>06\/05\/2019<\/strong> &#8211; Data limite para envio das vers\u00f5es finais, termo de autoriza\u00e7\u00e3o e comprovante de inscri\u00e7\u00e3o<\/li>\n<\/ul>\n<p>[\/et_pb_text][\/et_pb_column_inner][et_pb_column_inner type=&#8221;1_2&#8243; saved_specialty_column_type=&#8221;3_4&#8243;][et_pb_text admin_label=&#8221;Instru\u00e7\u00f5es aos Autores&#8221; _builder_version=&#8221;3.3.1&#8243;]<\/p>\n<h2 align=\"justify\">Instru\u00e7\u00f5es aos autores<\/h2>\n<p>O trabalho dever\u00e1 conter no m\u00e1ximo 10 p\u00e1ginas, sendo aceitos somente artigos em formato PDF utilizando o estilo dos artigos da SBC, dispon\u00edvel em <a href=\"https:\/\/goo.gl\/ZZ2Hdd\">https:\/\/goo.gl\/ZZ2Hdd<\/a><\/p>\n<p>A submiss\u00e3o dos trabalhos ser\u00e1 exclusivamente eletr\u00f4nica, atrav\u00e9s do sistema JEMS de submiss\u00f5es de artigos da SBC:<\/p>\n<p><a href=\"https:\/\/submissoes.sbc.org.br\/csbc2019\">https:\/\/submissoes.sbc.org.br\/csbc2019<\/a><\/p>\n<p>[\/et_pb_text][\/et_pb_column_inner][\/et_pb_row_inner][et_pb_row_inner admin_label=&#8221;Row&#8221; _builder_version=&#8221;3.0.47&#8243;][et_pb_column_inner type=&#8221;4_4&#8243; saved_specialty_column_type=&#8221;3_4&#8243;][et_pb_button button_url=&#8221;https:\/\/submissoes.sbc.org.br\/home.cgi?c=3216&#8243; button_text=&#8221;Acessar JEMS&#8221; button_alignment=&#8221;center&#8221; _builder_version=&#8221;3.3.1&#8243; \/][\/et_pb_column_inner][\/et_pb_row_inner][\/et_pb_column][\/et_pb_section][et_pb_section bb_built=&#8221;1&#8243; admin_label=&#8221;Se\u00e7\u00e3o&#8221; custom_padding_last_edited=&#8221;on|desktop&#8221; _builder_version=&#8221;3.3.1&#8243; background_color=&#8221;#ffffff&#8221; custom_padding_tablet=&#8221;50px|0|50px|0&#8243; prev_background_color=&#8221;#ffffff&#8221; background_image=&#8221;https:\/\/www4.sbc.org.br\/2019\/wp-content\/uploads\/2019\/02\/texturaft4.png&#8221; box_shadow_style=&#8221;preset6&#8243;][et_pb_row admin_label=&#8221;Linha&#8221; padding_mobile=&#8221;off&#8221; column_padding_mobile=&#8221;on&#8221; _builder_version=&#8221;3.0.47&#8243; background_size=&#8221;initial&#8221; background_position=&#8221;top_left&#8221; background_repeat=&#8221;repeat&#8221;][et_pb_column type=&#8221;1_3&#8243;][et_pb_text admin_label=&#8221;Coordenadores&#8221; _builder_version=&#8221;3.3.1&#8243; background_size=&#8221;initial&#8221; background_position=&#8221;top_left&#8221; background_repeat=&#8221;repeat&#8221;]<\/p>\n<h3>Coordenadores do\u00a0<strong>XXXVIII CTIC<\/strong><\/h3>\n<p>&nbsp;<\/p>\n<h3>Coordenador Geral<\/h3>\n<p><img loading=\"lazy\" decoding=\"async\" class=\"alignnone wp-image-30614\" src=\"https:\/\/www4.sbc.org.br\/2019\/wp-content\/uploads\/2018\/12\/foto0012.png\" alt=\"\" width=\"198\" height=\"198\" srcset=\"https:\/\/www4.sbc.org.br\/2019\/wp-content\/uploads\/2018\/12\/foto0012.png 301w, https:\/\/www4.sbc.org.br\/2019\/wp-content\/uploads\/2018\/12\/foto0012-150x150.png 150w, https:\/\/www4.sbc.org.br\/2019\/wp-content\/uploads\/2018\/12\/foto0012-300x300.png 300w\" sizes=\"auto, (max-width: 198px) 100vw, 198px\" \/><\/p>\n<p>Marcel Oliveira &#8211; UFRN<\/p>\n<p><a href=\"http:\/\/lattes.cnpq.br\/1756952696097255\">Curr\u00edculo Lattes<\/a><\/p>\n<p><a href=\"mailto:marcel@dimap.ufrn.br\">marcel@dimap.ufrn.br<\/a><\/p>\n<p>&nbsp;<\/p>\n<h3>Apoio Local<\/h3>\n<p><img loading=\"lazy\" decoding=\"async\" class=\"alignnone wp-image-30615\" src=\"https:\/\/www4.sbc.org.br\/2019\/wp-content\/uploads\/2018\/12\/foto0013.png\" alt=\"\" width=\"199\" height=\"199\" srcset=\"https:\/\/www4.sbc.org.br\/2019\/wp-content\/uploads\/2018\/12\/foto0013.png 301w, https:\/\/www4.sbc.org.br\/2019\/wp-content\/uploads\/2018\/12\/foto0013-150x150.png 150w, https:\/\/www4.sbc.org.br\/2019\/wp-content\/uploads\/2018\/12\/foto0013-300x300.png 300w\" sizes=\"auto, (max-width: 199px) 100vw, 199px\" \/><\/p>\n<p>Regiane Kawasaki &#8211; UFPA<\/p>\n<p><a href=\"http:\/\/lattes.cnpq.br\/1572121571522063\">Curr\u00edculo Lattes<\/a><\/p>\n<p>regianekawasaki@gmail.com<\/p>\n<p>&nbsp;<\/p>\n<p>[\/et_pb_text][\/et_pb_column][et_pb_column type=&#8221;1_3&#8243;][et_pb_text admin_label=&#8221;Comit\u00ea (a)&#8221; _builder_version=&#8221;3.3.1&#8243; background_size=&#8221;initial&#8221; background_position=&#8221;top_left&#8221; background_repeat=&#8221;repeat&#8221;]<\/p>\n<h4>Comit\u00ea de Programa<\/h4>\n<table width=\"275\">\n<tbody>\n<tr>\n<td width=\"179\">Alba Melo<\/td>\n<td width=\"96\">UnB<\/td>\n<\/tr>\n<tr>\n<td width=\"179\">Anne Canuto<\/td>\n<td width=\"96\">UFRN<\/td>\n<\/tr>\n<tr>\n<td width=\"179\">Bernadette Loscio<\/td>\n<td width=\"96\">UFPE<\/td>\n<\/tr>\n<tr>\n<td width=\"179\">Bruno Cafeo<\/td>\n<td width=\"96\">UFMS<\/td>\n<\/tr>\n<tr>\n<td width=\"179\">Carla Freitas<\/td>\n<td width=\"96\">UFRGS<\/td>\n<\/tr>\n<tr>\n<td width=\"179\">Charles Madeira<\/td>\n<td width=\"96\">UFRN<\/td>\n<\/tr>\n<tr>\n<td width=\"179\">Claudio Sant`Anna<\/td>\n<td width=\"96\">UFBA<\/td>\n<\/tr>\n<tr>\n<td width=\"179\">Daniel Ara\u00fajo<\/td>\n<td width=\"96\">UFRN<\/td>\n<\/tr>\n<tr>\n<td width=\"179\">Danielle Couto<\/td>\n<td width=\"96\">UFPA<\/td>\n<\/tr>\n<tr>\n<td width=\"179\">David Menotti<\/td>\n<td width=\"96\">UFPR<\/td>\n<\/tr>\n<tr>\n<td width=\"179\">Elder Jos\u00e9 Cirilo<\/td>\n<td width=\"96\">UFSJ<\/td>\n<\/tr>\n<tr>\n<td width=\"179\">Everton Cavalcante<\/td>\n<td width=\"96\">UFRN<\/td>\n<\/tr>\n<tr>\n<td width=\"179\">Fatima Duarte-Figueiredo<\/td>\n<td width=\"96\">PUC Minas<\/td>\n<\/tr>\n<tr>\n<td width=\"179\">Fernando Trinta<\/td>\n<td width=\"96\">UFC<\/td>\n<\/tr>\n<tr>\n<td width=\"179\">George Teodoro<\/td>\n<td width=\"96\">UnB<\/td>\n<\/tr>\n<tr>\n<td width=\"179\">Humberto Marques<\/td>\n<td width=\"96\">PUC Minas<\/td>\n<\/tr>\n<tr>\n<td width=\"179\">Igor Wiese<\/td>\n<td width=\"96\">UTFPR<\/td>\n<\/tr>\n<\/tbody>\n<\/table>\n<p>[\/et_pb_text][\/et_pb_column][et_pb_column type=&#8221;1_3&#8243;][et_pb_text admin_label=&#8221;Comit\u00ea (b)&#8221; _builder_version=&#8221;3.3.1&#8243; background_size=&#8221;initial&#8221; background_position=&#8221;top_left&#8221; background_repeat=&#8221;repeat&#8221;]<\/p>\n<table width=\"275\">\n<tbody>\n<tr>\n<td width=\"179\">Ingrid Nunes<\/td>\n<td width=\"96\">UFRGS<\/td>\n<\/tr>\n<tr>\n<td width=\"179\">Ivanovitch Silva<\/td>\n<td width=\"96\">UFRN<\/td>\n<\/tr>\n<tr>\n<td width=\"179\">Jair Leite<\/td>\n<td width=\"96\">UFRN<\/td>\n<\/tr>\n<tr>\n<td width=\"179\">Jerusa Marchi<\/td>\n<td width=\"96\">UFSC<\/td>\n<\/tr>\n<tr>\n<td width=\"179\">Jos\u00e9 Viterbo<\/td>\n<td width=\"96\">UFF<\/td>\n<\/tr>\n<tr>\n<td width=\"179\">Juliana Vizzotto<\/td>\n<td width=\"96\">UFSM<\/td>\n<\/tr>\n<tr>\n<td width=\"179\">Leonardo Rocha<\/td>\n<td width=\"96\">UFSJ<\/td>\n<\/tr>\n<tr>\n<td width=\"179\">Luis Rivero<\/td>\n<td width=\"96\">UFMA<\/td>\n<\/tr>\n<tr>\n<td width=\"179\">Marcel Oliveira<\/td>\n<td width=\"96\">UFRN<\/td>\n<\/tr>\n<tr>\n<td width=\"179\">Marcio Ribeiro<\/td>\n<td width=\"96\">UFAL<\/td>\n<\/tr>\n<tr>\n<td width=\"179\">Monica Pereira<\/td>\n<td width=\"96\">UFRN<\/td>\n<\/tr>\n<tr>\n<td width=\"179\">Rafael Melo<\/td>\n<td width=\"96\">UFBA<\/td>\n<\/tr>\n<tr>\n<td width=\"179\">Rafael Torchelsen<\/td>\n<td width=\"96\">UFPel<\/td>\n<\/tr>\n<tr>\n<td width=\"179\">Regiane Kawasaki<\/td>\n<td width=\"96\">UFPA<\/td>\n<\/tr>\n<tr>\n<td width=\"179\">Renata Galante<\/td>\n<td width=\"96\">UFRGS<\/td>\n<\/tr>\n<tr>\n<td width=\"179\">Ricardo Marroquim<\/td>\n<td width=\"96\">UFRJ<\/td>\n<\/tr>\n<tr>\n<td width=\"179\">Ricardo Santos<\/td>\n<td width=\"96\">UFMS<\/td>\n<\/tr>\n<tr>\n<td width=\"179\">Ricardo Terra<\/td>\n<td width=\"96\">UFLA<\/td>\n<\/tr>\n<tr>\n<td width=\"179\">Rosiane de Freitas Rodrigues<\/td>\n<td width=\"96\">UFAM<\/td>\n<\/tr>\n<tr>\n<td width=\"179\">S\u00edlvia Maia<\/td>\n<td width=\"96\">UFRN<\/td>\n<\/tr>\n<tr>\n<td width=\"179\">Thais Vasconcelos Batista<\/td>\n<td width=\"96\">UFRN<\/td>\n<\/tr>\n<tr>\n<td width=\"179\">Uir\u00e1 Kulesza<\/td>\n<td width=\"96\">UFRN<\/td>\n<\/tr>\n<tr>\n<td width=\"179\">Vinicius Garcia<\/td>\n<td width=\"96\">UFPE<\/td>\n<\/tr>\n<\/tbody>\n<\/table>\n<p>&nbsp;<\/p>\n<p>[\/et_pb_text][\/et_pb_column][\/et_pb_row][\/et_pb_section]<\/p>\n","protected":false},"excerpt":{"rendered":"<p>[et_pb_section bb_built=&#8221;1&#8243; admin_label=&#8221;Se\u00e7\u00e3o&#8221; custom_padding_last_edited=&#8221;on|desktop&#8221; _builder_version=&#8221;3.3.1&#8243; background_color=&#8221;#ffffff&#8221; background_image=&#8221;https:\/\/www4.sbc.org.br\/2019\/wp-content\/uploads\/2018\/05\/apresentacao.jpg&#8221; background_position=&#8221;top_center&#8221; custom_padding=&#8221;0px||0px|&#8221; custom_padding_tablet=&#8221;50px|0|50px|0&#8243; next_background_color=&#8221;#ffffff&#8221;][et_pb_row admin_label=&#8221;Linha&#8221; padding_mobile=&#8221;off&#8221; column_padding_mobile=&#8221;on&#8221; parallax_method_1=&#8221;off&#8221; _builder_version=&#8221;3.3.1&#8243; background_size=&#8221;initial&#8221; background_position=&#8221;top_left&#8221; background_repeat=&#8221;repeat&#8221;][et_pb_column type=&#8221;4_4&#8243;][et_pb_image admin_label=&#8221;N\u00c3O MEXA &#8211; Imagem&#8221; align=&#8221;center&#8221; always_center_on_mobile=&#8221;off&#8221; disabled_on=&#8221;on|on|&#8221; _builder_version=&#8221;3.3.1&#8243; max_width=&#8221;215px&#8221; \/][et_pb_text admin_label=&#8221;Texto&#8221; _builder_version=&#8221;3.3.1&#8243; background_size=&#8221;initial&#8221; background_position=&#8221;top_left&#8221; background_repeat=&#8221;repeat&#8221;] 38\u00ba CTIC [\/et_pb_text][et_pb_text admin_label=&#8221;Texto&#8221; _builder_version=&#8221;3.3.1&#8243; background_size=&#8221;initial&#8221; background_position=&#8221;top_left&#8221; background_repeat=&#8221;repeat&#8221;] XXXVIII Concurso de Trabalhos de Inicia\u00e7\u00e3o Cient\u00edfica [\/et_pb_text][\/et_pb_column][\/et_pb_row][\/et_pb_section][et_pb_section bb_built=&#8221;1&#8243; admin_label=&#8221;Se\u00e7\u00e3o&#8221; specialty=&#8221;on&#8221; custom_padding_last_edited=&#8221;on|desktop&#8221; [&hellip;]<\/p>\n","protected":false},"author":2,"featured_media":0,"parent":30239,"menu_order":0,"comment_status":"closed","ping_status":"closed","template":"","meta":{"_et_pb_use_builder":"on","_et_pb_old_content":"","_et_gb_content_width":"","footnotes":""},"class_list":["post-30613","page","type-page","status-publish","hentry"],"_links":{"self":[{"href":"https:\/\/www4.sbc.org.br\/2019\/index.php?rest_route=\/wp\/v2\/pages\/30613","targetHints":{"allow":["GET"]}}],"collection":[{"href":"https:\/\/www4.sbc.org.br\/2019\/index.php?rest_route=\/wp\/v2\/pages"}],"about":[{"href":"https:\/\/www4.sbc.org.br\/2019\/index.php?rest_route=\/wp\/v2\/types\/page"}],"author":[{"embeddable":true,"href":"https:\/\/www4.sbc.org.br\/2019\/index.php?rest_route=\/wp\/v2\/users\/2"}],"replies":[{"embeddable":true,"href":"https:\/\/www4.sbc.org.br\/2019\/index.php?rest_route=%2Fwp%2Fv2%2Fcomments&post=30613"}],"version-history":[{"count":21,"href":"https:\/\/www4.sbc.org.br\/2019\/index.php?rest_route=\/wp\/v2\/pages\/30613\/revisions"}],"predecessor-version":[{"id":33063,"href":"https:\/\/www4.sbc.org.br\/2019\/index.php?rest_route=\/wp\/v2\/pages\/30613\/revisions\/33063"}],"up":[{"embeddable":true,"href":"https:\/\/www4.sbc.org.br\/2019\/index.php?rest_route=\/wp\/v2\/pages\/30239"}],"wp:attachment":[{"href":"https:\/\/www4.sbc.org.br\/2019\/index.php?rest_route=%2Fwp%2Fv2%2Fmedia&parent=30613"}],"curies":[{"name":"wp","href":"https:\/\/api.w.org\/{rel}","templated":true}]}}