{"id":30586,"date":"2018-12-19T12:18:09","date_gmt":"2018-12-19T15:18:09","guid":{"rendered":"http:\/\/csbc2019.sbc.org.br\/?page_id=30586"},"modified":"2019-07-23T22:33:15","modified_gmt":"2019-07-24T01:33:15","slug":"4washes","status":"publish","type":"page","link":"https:\/\/www4.sbc.org.br\/2019\/?page_id=30586","title":{"rendered":"4\u00ba WASHES"},"content":{"rendered":"<p>[et_pb_section bb_built=&#8221;1&#8243; admin_label=&#8221;Se\u00e7\u00e3o&#8221; custom_padding_last_edited=&#8221;on|desktop&#8221; _builder_version=&#8221;3.3.1&#8243; background_color=&#8221;#ffffff&#8221; background_image=&#8221;https:\/\/www4.sbc.org.br\/2019\/wp-content\/uploads\/2018\/05\/apresentacao.jpg&#8221; background_position=&#8221;top_center&#8221; custom_padding=&#8221;0px||0px|&#8221; custom_padding_tablet=&#8221;50px|0|50px|0&#8243; next_background_color=&#8221;#ffffff&#8221;][et_pb_row admin_label=&#8221;Linha&#8221; padding_mobile=&#8221;off&#8221; column_padding_mobile=&#8221;on&#8221; parallax_method_1=&#8221;off&#8221; _builder_version=&#8221;3.3.1&#8243; background_size=&#8221;initial&#8221; background_position=&#8221;top_left&#8221; background_repeat=&#8221;repeat&#8221;][et_pb_column type=&#8221;4_4&#8243;][et_pb_image admin_label=&#8221;N\u00c3O MEXA &#8211; Imagem&#8221; align=&#8221;center&#8221; always_center_on_mobile=&#8221;off&#8221; disabled_on=&#8221;on|on|&#8221; _builder_version=&#8221;3.3.1&#8243; max_width=&#8221;215px&#8221;]<\/p>\n<p>&nbsp;<\/p>\n<p>[\/et_pb_image][et_pb_text admin_label=&#8221;Texto&#8221; _builder_version=&#8221;3.3.1&#8243; background_size=&#8221;initial&#8221; background_position=&#8221;top_left&#8221; background_repeat=&#8221;repeat&#8221;]<\/p>\n<h1 style=\"text-align: center;\"><span style=\"color: #ffffff;\"><strong>4\u00ba WASHES<\/strong><\/span><\/h1>\n<p>[\/et_pb_text][et_pb_text admin_label=&#8221;Texto&#8221; _builder_version=&#8221;3.3.1&#8243; background_size=&#8221;initial&#8221; background_position=&#8221;top_left&#8221; background_repeat=&#8221;repeat&#8221;]<\/p>\n<h3 style=\"text-align: center; color: #ffffff;\"><strong>Workshop sobre Aspectos Sociais, Humanos e Econ\u00f4micos de Software <\/strong><\/h3>\n<p>[\/et_pb_text][\/et_pb_column][\/et_pb_row][\/et_pb_section][et_pb_section bb_built=&#8221;1&#8243; admin_label=&#8221;Se\u00e7\u00e3o&#8221; specialty=&#8221;on&#8221; custom_padding_last_edited=&#8221;on|desktop&#8221; parallax_method_1=&#8221;off&#8221; parallax_method_2=&#8221;off&#8221; _builder_version=&#8221;3.3.1&#8243; background_color=&#8221;#ffffff&#8221; background_image=&#8221;https:\/\/www4.sbc.org.br\/2019\/wp-content\/uploads\/2018\/06\/back02.jpg&#8221; parallax=&#8221;on&#8221; custom_padding=&#8221;12px|0px|12px|0px&#8221; custom_padding_tablet=&#8221;50px|0|50px|0&#8243; prev_background_color=&#8221;#ffffff&#8221; next_background_color=&#8221;#ffffff&#8221;][et_pb_column type=&#8221;1_4&#8243;][et_pb_sidebar admin_label=&#8221;Barra Lateral&#8221; area=&#8221;sidebar-1&#8243; disabled_on=&#8221;on|on|off&#8221; _builder_version=&#8221;3.0.47&#8243; header_font=&#8221;||||&#8221; body_font=&#8221;|on||on|&#8221; show_border=&#8221;on&#8221;]<\/p>\n<p>&nbsp;<\/p>\n<p>[\/et_pb_sidebar][\/et_pb_column][et_pb_column type=&#8221;3_4&#8243; specialty_columns=&#8221;3&#8243;][et_pb_row_inner padding_mobile=&#8221;off&#8221; column_padding_mobile=&#8221;off&#8221; _builder_version=&#8221;3.3.1&#8243;][et_pb_column_inner type=&#8221;4_4&#8243; saved_specialty_column_type=&#8221;3_4&#8243;][et_pb_text admin_label=&#8221;Apresenta\u00e7\u00e3o&#8221; _builder_version=&#8221;3.3.1&#8243;]<\/p>\n<h3 class=\"comissao-title\" style=\"text-align: center;\"><img loading=\"lazy\" decoding=\"async\" class=\"\" src=\"https:\/\/www4.sbc.org.br\/2019\/wp-content\/uploads\/2018\/06\/marcador.png\" width=\"54\" height=\"60\" \/>APRESENTA\u00c7\u00c3O<\/h3>\n<div class=\"textwidget\">\n<p>Software \u00e9 um produto criado por pessoas que trabalham em equipes com o objetivo de resolver problemas reais. Os aspectos humanos est\u00e3o relacionados a comportamentos dos colaboradores durante a execu\u00e7\u00e3o das suas atividades. Por sua vez, os aspectos sociais se referem \u00e0 maneira como a intera\u00e7\u00e3o entre os membros de uma comunidade acontece. Finalmente, os aspectos econ\u00f4micos trazem \u00e0 tona a no\u00e7\u00e3o de valor para produtos e processos de software, bem como a sua percep\u00e7\u00e3o pelos stakeholders, considerando perspectivas como custos, benef\u00edcios, riscos e oportunidades de mercado. Em suma, os stakeholders, as suas intera\u00e7\u00f5es e as consequ\u00eancias da no\u00e7\u00e3o de valor s\u00e3o centrais para o desenvolvimento de software.<\/p>\n<p>Dessa forma, faz-se importante investigar os diversos aspectos sociais, humanos e econ\u00f4micos de software com o objetivo de entender seus impactos sobre pr\u00e1ticas, processos e ferramentas de desenvolvimento de software e seus impactos nas mais diversas \u00e1reas da computa\u00e7\u00e3o. O WASHES se prop\u00f5e a reunir as diferentes perspectivas para analisar diversos contextos da computa\u00e7\u00e3o e do desenvolvimento de software \u00e0 luz das rela\u00e7\u00f5es sociais, humanas e econ\u00f4micas. Al\u00e9m disso, o WASHES visa criar um ambiente de encontro para acad\u00eamicos e profissionais da ind\u00fastria interessados no assunto. O WASHES contar\u00e1 com uma palestra, sess\u00f5es de artigos completos e curtos, e sess\u00e3o de discuss\u00e3o. Os autores dos artigos aceitos ser\u00e3o convidados para expor p\u00f4steres durante a realiza\u00e7\u00e3o do evento.<\/p>\n<\/div>\n<p>&nbsp;<\/p>\n<p style=\"text-align: center;\"><a href='https:\/\/www4.sbc.org.br\/2019\/eventos\/4washes\/artigosaceitos\/' class='small-button smallpurple'>ARTIGOS ACEITOS<\/a>\u00a0 \u00a0 \u00a0 \u00a0\u00a0<a href='https:\/\/www4.sbc.org.br\/2019\/eventos\/4washes\/programacao\/' class='small-button smallpurple'>PROGRAMA\u00c7\u00c3O<\/a>\u00a0 \u00a0 \u00a0 \u00a0\u00a0<a href='https:\/\/www4.sbc.org.br\/2019\/eventos\/4washes\/trabalhospremiados\/' class='small-button smallpurple'>TRABALHOS PREMIADOS<\/a><\/p>\n<p>[\/et_pb_text][\/et_pb_column_inner][\/et_pb_row_inner][et_pb_row_inner padding_mobile=&#8221;off&#8221; column_padding_mobile=&#8221;off&#8221; _builder_version=&#8221;3.3.1&#8243;][et_pb_column_inner type=&#8221;4_4&#8243; saved_specialty_column_type=&#8221;3_4&#8243;][et_pb_text admin_label=&#8221;Apresenta\u00e7\u00e3o&#8221; _builder_version=&#8221;3.3.1&#8243;]<\/p>\n<h3 class=\"comissao-title\" style=\"text-align: center;\"><img loading=\"lazy\" decoding=\"async\" class=\"\" src=\"https:\/\/www4.sbc.org.br\/2019\/wp-content\/uploads\/2018\/06\/marcador.png\" width=\"54\" height=\"60\" \/>Mensagem dos Coordenadores do IV Workshop sobre Aspectos Humanos, Sociais e Econ\u00f4micos em Software (WASHES)<\/h3>\n<div class=\"textwidget\">\n<p>Prezados participantes da 4a edi\u00e7\u00e3o do WASHES, sejam muito bem-vindos a Bel\u00e9m. Pela segunda vez consecutiva, o WASHES ocorre como um evento sat\u00e9lite do Congresso da Sociedade Brasileira de Computa\u00e7\u00e3o (CSBC), evento tradicional da \u00e1rea de Computa\u00e7\u00e3o no Brasil, que re\u00fane anualmente os pesquisadores e docentes para discuss\u00f5es acerca de temas importantes para a \u00e1rea. Este ano, o evento acontece em Bel\u00e9m do Par\u00e1 e convida os participantes para discutirem o tema \u201cComputa\u00e7\u00e3o e Responsabilidade Socioambiental\u201d.<\/p>\n<p>A 4a edi\u00e7\u00e3o do traz uma programa\u00e7\u00e3o diversificada, composta por dois (2) artigos curtos e oito (8) artigos completos selecionados e publicados mediante apresenta\u00e7\u00e3o. Estes artigos foram selecionados rigorosamente de um conjunto de 26 submiss\u00f5es v\u00e1lidas (entre artigos completos e curtos) provenientes de um processo de revis\u00e3o que envolveu 24 membros de um comit\u00ea de programa t\u00e9cnico altamente qualificado e formado por pesquisadores de quatro pa\u00edses diferentes (Brasil, Estados Unidos, Fran\u00e7a e Su\u00e9cia), somados a 3 revisores externos. O per\u00edodo de revis\u00e3o foi de 40 dias, contando com mais uma semana de per\u00edodo de consenso.<\/p>\n<p>Os artigos selecionados trazem resultados de pesquisas importantes no tocante aos t\u00f3picos do workshop. Dado o rigor das revis\u00f5es, o WASHES oferece uma programa\u00e7\u00e3o rica, com artigos de alto n\u00edvel, de autores provenientes de nove unidades da federa\u00e7\u00e3o diferentes (Amap\u00e1, Cear\u00e1, Maranh\u00e3o, Par\u00e1, Para\u00edba, Pernambuco, Rio de Janeiro, Rio Grande do Sul e S\u00e3o Paulo). A programa\u00e7\u00e3o oferece um panorama amplo de como os aspectos humanos, sociais e econ\u00f4micos em software t\u00eam sido tratados em nosso pa\u00eds. Os artigos s\u00e3o apresentados em 3 sess\u00f5es diferentes: One Minute Madness, para apresenta\u00e7\u00e3o dos p\u00f4steres; Sess\u00e3o T\u00e9cnica 1 &#8211; Fatores Humanos e Sociais na Educa\u00e7\u00e3o e Soft skills, e Sess\u00e3o T\u00e9cnica 2 &#8211; Fatores Humanos Sociais e Econ\u00f4micos na Ind\u00fastria de Software. Al\u00e9m disso, o workshop conta com uma palestra convidada da Profa. Dra. Tanara Lauschner (UFAM) intitulada \u201cComputa\u00e7\u00e3o como alternativa de desenvolvimento social, econ\u00f4mico e sustent\u00e1vel de uma regi\u00e3o: relatos, experi\u00eancias e desafios\u201d e a reuni\u00e3o de encerramento com a comunidade WASHES.<\/p>\n<p>Os coordenadores do WASHES 2019 agradecem \u00e0 organiza\u00e7\u00e3o do 39o CSBC pelo apoio incondicional \u00e0 condu\u00e7\u00e3o do processo de sele\u00e7\u00e3o dos artigos, produ\u00e7\u00e3o dos anais e provid\u00eancias locais para que o evento aconte\u00e7a. Agradecemos tamb\u00e9m aos autores das diversas partes do pa\u00eds que realizaram um trabalho dedicado e minucioso e submeteram seus trabalhos, aos membros especialistas do Comit\u00ea de Programa que revisaram os artigos, e a todos os participantes do workshop. Que a investiga\u00e7\u00e3o do papel humano e econ\u00f4mico no desenvolvimento de software se estenda cada dia mais no Brasil.<\/p>\n<\/div>\n<p><em>Desejamos a todos um agrad\u00e1vel dia de boas discuss\u00f5es e interatividade.<\/em><\/p>\n<p><strong>Valdemar Vicente Graciano Neto (UFG) e Rodrigo Santos (UNIRIO)<\/strong><br \/>\n<strong>Coordenadores do WASHES 2019<\/strong><\/p>\n<p><img loading=\"lazy\" decoding=\"async\" class=\"alignnone size-full wp-image-31772\" src=\"https:\/\/www4.sbc.org.br\/2019\/wp-content\/uploads\/2019\/04\/cabeca06prog.png\" alt=\"\" width=\"1387\" height=\"21\" srcset=\"https:\/\/www4.sbc.org.br\/2019\/wp-content\/uploads\/2019\/04\/cabeca06prog.png 1387w, https:\/\/www4.sbc.org.br\/2019\/wp-content\/uploads\/2019\/04\/cabeca06prog-300x5.png 300w, https:\/\/www4.sbc.org.br\/2019\/wp-content\/uploads\/2019\/04\/cabeca06prog-768x12.png 768w, https:\/\/www4.sbc.org.br\/2019\/wp-content\/uploads\/2019\/04\/cabeca06prog-1024x16.png 1024w, https:\/\/www4.sbc.org.br\/2019\/wp-content\/uploads\/2019\/04\/cabeca06prog-1080x16.png 1080w\" sizes=\"auto, (max-width: 1387px) 100vw, 1387px\" \/><\/p>\n<p>[\/et_pb_text][\/et_pb_column_inner][\/et_pb_row_inner][et_pb_row_inner padding_mobile=&#8221;off&#8221; column_padding_mobile=&#8221;off&#8221; _builder_version=&#8221;3.0.47&#8243;][et_pb_column_inner type=&#8221;4_4&#8243; saved_specialty_column_type=&#8221;3_4&#8243;][et_pb_text admin_label=&#8221;Texto&#8221; _builder_version=&#8221;3.3.1&#8243; background_size=&#8221;initial&#8221; background_position=&#8221;top_left&#8221; background_repeat=&#8221;repeat&#8221;]<\/p>\n<h3 style=\"text-align: center;\">T\u00f3picos de interesse<\/h3>\n<p>Os t\u00f3picos do WASHES envolvem trabalhos de pesquisa diretamente relacionados aos aspectos sociais, humanos e econ\u00f4micos de software e suas interse\u00e7\u00f5es e influ\u00eancias nas mais diversas \u00e1reas da Computa\u00e7\u00e3o, n\u00e3o sendo restrito aos t\u00f3picos a seguir:<\/p>\n<p>[\/et_pb_text][\/et_pb_column_inner][\/et_pb_row_inner][et_pb_row_inner padding_mobile=&#8221;off&#8221; column_padding_mobile=&#8221;off&#8221; _builder_version=&#8221;3.0.47&#8243;][et_pb_column_inner type=&#8221;1_2&#8243; saved_specialty_column_type=&#8221;3_4&#8243;][et_pb_text admin_label=&#8221;Tabela Esquerda&#8221; _builder_version=&#8221;3.3.1&#8243;]<\/p>\n<p>&#8211; Princ\u00edpios e pr\u00e1ticas de desenvolvimento e projeto que influenciam ou s\u00e3o influenciados por aspectos sociais, humanos e econ\u00f4micos<\/p>\n<p>&#8211; TI verde e os impactos econ\u00f4micos e sociais no desenvolvimento de software<\/p>\n<p>&#8211; <em>Soft skills<\/em>, como ensin\u00e1-las\/aprend\u00ea-las, e seu impacto no processo (criatividade, colabora\u00e7\u00e3o, lideran\u00e7a, boa comunica\u00e7\u00e3o, e outras)<\/p>\n<p>&#8211; Desenvolvimento sustent\u00e1vel do software<\/p>\n<p>&#8211; Caracter\u00edsticas psicol\u00f3gicas, sociol\u00f3gicas, humanas e econ\u00f4micas do desenvolvimento de software<\/p>\n<p>&#8211; Ferramentas e processos de apoio a situa\u00e7\u00f5es organizacionais e culturais<\/p>\n<p>&#8211; Aspectos gerenciais e organizacionais do desenvolvimento de software<\/p>\n<p>&#8211; Colabora\u00e7\u00e3o no desenvolvimento de software e sua rela\u00e7\u00e3o com os aspectos sociais, humanos e econ\u00f4micos<\/p>\n<p>&#8211; Educa\u00e7\u00e3o sobre os aspectos sociais, humanos e econ\u00f4micos no desenvolvimento de software<\/p>\n<p>&#8211; Desafios e perspectivas de pesquisa e\/ou relatos de experi\u00eancia da ind\u00fastria de software<\/p>\n<p>[\/et_pb_text][\/et_pb_column_inner][et_pb_column_inner type=&#8221;1_2&#8243; saved_specialty_column_type=&#8221;3_4&#8243;][et_pb_text admin_label=&#8221;Tabela Direita&#8221; _builder_version=&#8221;3.3.1&#8243;]<\/p>\n<p>&#8211; Confian\u00e7a em equipes de software<\/p>\n<p>&#8211; Uso de redes sociais e m\u00eddias sociais por equipes de software<\/p>\n<p>&#8211; Modelos de desenvolvimento de software baseados em comunidade, como open source, crowdsourcing e parcerias p\u00fablico-privadas<\/p>\n<p>&#8211; Ger\u00eancia do conhecimento e aprendizagem organizacional aliadas aos aspectos sociais e humanos no desenvolvimento de software<\/p>\n<p>&#8211; Influ\u00eancia de aspectos econ\u00f4micos no desenvolvimento de software<\/p>\n<p>&#8211; Economia de apps e qualidade no desenvolvimento m\u00f3vel<\/p>\n<p>&#8211; Modelos de neg\u00f3cios, plataformas e ecossistemas de software<\/p>\n<p>&#8211; Desenvolvimento Distribu\u00eddo de Software e a rela\u00e7\u00e3o com diferentes aspectos estudados<\/p>\n<p>&#8211; An\u00e1lise e tratamento de aspectos econ\u00f4micos de sistemas-de-sistemas<\/p>\n<p>&#8211; Quest\u00f5es relativas a licen\u00e7as, propriedade intelectual e patentes<\/p>\n<p>[\/et_pb_text][\/et_pb_column_inner][\/et_pb_row_inner][et_pb_row_inner padding_mobile=&#8221;off&#8221; column_padding_mobile=&#8221;off&#8221; _builder_version=&#8221;3.0.47&#8243;][et_pb_column_inner type=&#8221;4_4&#8243; saved_specialty_column_type=&#8221;3_4&#8243;][et_pb_text admin_label=&#8221;Texto&#8221; _builder_version=&#8221;3.3.1&#8243; background_size=&#8221;initial&#8221; background_position=&#8221;top_left&#8221; background_repeat=&#8221;repeat&#8221;]<\/p>\n<h3 class=\"comissao-title\" style=\"text-align: center;\"><img loading=\"lazy\" decoding=\"async\" class=\"\" src=\"https:\/\/www4.sbc.org.br\/2019\/wp-content\/uploads\/2018\/06\/marcador.png\" width=\"54\" height=\"60\" \/><strong>Submiss\u00e3o<\/strong><\/h3>\n<p>Poder\u00e3o ser submetidos:<\/p>\n<p><strong>Artigos completos (at\u00e9 10 p\u00e1ginas):<\/strong> apresentando um resultado de interesse para o avan\u00e7o da pesquisa na \u00e1rea. Artigos que descrevem modelos, m\u00e9todos, estudos experimentais e relatos de experi\u00eancia industriais s\u00e3o bem-vindos;<\/p>\n<p><strong>Artigos Curtos (at\u00e9 5 p\u00e1ginas):<\/strong> descrevendo trabalhos em andamento; e<\/p>\n<p><strong>Position papers (at\u00e9 2 p\u00e1ginas):<\/strong> resumindo um projeto de pesquisa, ferramenta ou t\u00e9cnica, ou contendo perspectivas de pesquisa nos temas do workshop.<\/p>\n<p>Os artigos submetidos ao evento devem apresentar contribui\u00e7\u00f5es originais n\u00e3o submetidas ou em processo de avalia\u00e7\u00e3o em outros eventos ou revistas. Artigos ser\u00e3o julgados com base na adequa\u00e7\u00e3o ao escopo do workshop, relev\u00e2ncia pr\u00e1tica, qualidade t\u00e9cnica, clareza de apresenta\u00e7\u00e3o e originalidade.<\/p>\n<p>[\/et_pb_text][\/et_pb_column_inner][\/et_pb_row_inner][et_pb_row_inner padding_mobile=&#8221;off&#8221; column_padding_mobile=&#8221;off&#8221; _builder_version=&#8221;3.0.47&#8243;][et_pb_column_inner type=&#8221;1_2&#8243; saved_specialty_column_type=&#8221;3_4&#8243;][et_pb_text admin_label=&#8221;Datas Importantes&#8221; _builder_version=&#8221;3.3.1&#8243;]<\/p>\n<h2><img loading=\"lazy\" decoding=\"async\" class=\"\" src=\"https:\/\/www4.sbc.org.br\/2019\/wp-content\/uploads\/2018\/06\/marcador.png\" width=\"39\" height=\"43\" \/><strong>Datas Importantes<\/strong><\/h2>\n<p><strong>\u00a0<\/strong><\/p>\n<ul>\n<li>Registo do resumo e t\u00edtulo at\u00e9:\u00a0<span style=\"text-decoration: line-through;\"><strong>28 de Mar\u00e7o 2019 <em>(prorrogado)<\/em><\/strong><\/span><\/li>\n<li>Envio do artigo completo at\u00e9: <span style=\"text-decoration: line-through;\"><strong>29 de mar\u00e7o at\u00e9 as 12h (-3 UTC)<\/strong><\/span><\/li>\n<li>Notifica\u00e7\u00e3o de aceita\u00e7\u00e3o: <strong>06 de maio de 2019<\/strong><\/li>\n<li>Entrega da vers\u00e3o final at\u00e9: <strong>13 de maio de 2019 (<em>prorrogado<\/em>)<\/strong><\/li>\n<li>Realiza\u00e7\u00e3o: <strong>entre 14 e 18 de julho 2019<\/strong><\/li>\n<\/ul>\n<p>[\/et_pb_text][\/et_pb_column_inner][et_pb_column_inner type=&#8221;1_2&#8243; saved_specialty_column_type=&#8221;3_4&#8243;][et_pb_text admin_label=&#8221;Instru\u00e7\u00f5es aos Autores&#8221; _builder_version=&#8221;3.3.1&#8243;]<\/p>\n<h2 align=\"justify\">Instru\u00e7\u00f5es aos autores<\/h2>\n<p>Todas as submiss\u00f5es devem seguir o estilo de formata\u00e7\u00e3o dos eventos da SBC. Os templates est\u00e3o dispon\u00edveis para download no site da SBC (<a href=\"http:\/\/www.sbc.org.br\/documentos-da-sbc\/send\/169-templates-para-artigos-e-capitulos-de-livros\/878-modelosparapublicaodeartigos\">Clique aqui<\/a>).<\/p>\n<p>Todos os artigos ir\u00e3o passar por um processo <em>DOUBLE-BLIND REVIEW<\/em>. Desta forma, nomes de autores, informa\u00e7\u00f5es de contato e refer\u00eancias a trabalhos anteriores devem ser, obrigatoriamente, omitidos das submiss\u00f5es.<\/p>\n<p>As submiss\u00f5es devem ser feitas em portugu\u00eas ou ingl\u00eas no endere\u00e7o: <a href=\"https:\/\/jems.sbc.org.br\/home.cgi?c=3230\">https:\/\/jems.sbc.org.br\/home.cgi?c=3230<\/a><\/p>\n<p>[\/et_pb_text][\/et_pb_column_inner][\/et_pb_row_inner][et_pb_row_inner padding_mobile=&#8221;off&#8221; column_padding_mobile=&#8221;off&#8221; _builder_version=&#8221;3.0.47&#8243;][et_pb_column_inner type=&#8221;4_4&#8243; saved_specialty_column_type=&#8221;3_4&#8243;][et_pb_button button_url=&#8221;https:\/\/sites.google.com\/view\/washes2019\/home&#8221; button_text=&#8221;VER SITE DO WORKSHOP&#8221; button_alignment=&#8221;center&#8221; _builder_version=&#8221;3.3.1&#8243;]<\/p>\n<p>&nbsp;<\/p>\n<p>[\/et_pb_button][et_pb_button button_url=&#8221;https:\/\/jems.sbc.org.br\/home.cgi?c=3230&#8243; button_text=&#8221;Submeter Artigo&#8221; button_alignment=&#8221;center&#8221; _builder_version=&#8221;3.3.1&#8243;]<\/p>\n<p>&nbsp;<\/p>\n<p>[\/et_pb_button][\/et_pb_column_inner][\/et_pb_row_inner][\/et_pb_column][\/et_pb_section][et_pb_section bb_built=&#8221;1&#8243; admin_label=&#8221;Se\u00e7\u00e3o&#8221; custom_padding_last_edited=&#8221;on|desktop&#8221; _builder_version=&#8221;3.3.1&#8243; background_color=&#8221;#ffffff&#8221; custom_padding_tablet=&#8221;50px|0|50px|0&#8243; prev_background_color=&#8221;#ffffff&#8221; background_image=&#8221;https:\/\/www4.sbc.org.br\/2019\/wp-content\/uploads\/2019\/02\/texturaft4.png&#8221; box_shadow_style=&#8221;preset6&#8243;][et_pb_row admin_label=&#8221;Linha&#8221; padding_mobile=&#8221;off&#8221; column_padding_mobile=&#8221;on&#8221; _builder_version=&#8221;3.0.47&#8243; background_size=&#8221;initial&#8221; background_position=&#8221;top_left&#8221; background_repeat=&#8221;repeat&#8221;][et_pb_column type=&#8221;1_3&#8243;][et_pb_text admin_label=&#8221;Coordenadores&#8221; _builder_version=&#8221;3.3.1&#8243; background_size=&#8221;initial&#8221; background_position=&#8221;top_left&#8221; background_repeat=&#8221;repeat&#8221;]<\/p>\n<h3>Coordenadores do\u00a0<strong>4\u00ba WASHES<\/strong><\/h3>\n<h5><b>Coordenadores de Programa<\/b><\/h5>\n<p><img loading=\"lazy\" decoding=\"async\" class=\"alignnone wp-image-30595\" src=\"https:\/\/www4.sbc.org.br\/2019\/wp-content\/uploads\/2018\/12\/foto0065.jpg\" alt=\"\" width=\"199\" height=\"199\" srcset=\"https:\/\/www4.sbc.org.br\/2019\/wp-content\/uploads\/2018\/12\/foto0065.jpg 301w, https:\/\/www4.sbc.org.br\/2019\/wp-content\/uploads\/2018\/12\/foto0065-150x150.jpg 150w, https:\/\/www4.sbc.org.br\/2019\/wp-content\/uploads\/2018\/12\/foto0065-300x300.jpg 300w\" sizes=\"auto, (max-width: 199px) 100vw, 199px\" \/><\/p>\n<p><strong>Rodrigo Santos (UNIRIO)<\/strong><\/p>\n<p><a href=\"http:\/\/lattes.cnpq.br\/8613736894676086\">Curr\u00edculo Lattes<\/a><\/p>\n<p>&nbsp;<\/p>\n<p><img loading=\"lazy\" decoding=\"async\" class=\"alignnone wp-image-30596\" src=\"https:\/\/www4.sbc.org.br\/2019\/wp-content\/uploads\/2018\/12\/foto0067.jpg\" alt=\"\" width=\"205\" height=\"205\" srcset=\"https:\/\/www4.sbc.org.br\/2019\/wp-content\/uploads\/2018\/12\/foto0067.jpg 301w, https:\/\/www4.sbc.org.br\/2019\/wp-content\/uploads\/2018\/12\/foto0067-150x150.jpg 150w, https:\/\/www4.sbc.org.br\/2019\/wp-content\/uploads\/2018\/12\/foto0067-300x300.jpg 300w\" sizes=\"auto, (max-width: 205px) 100vw, 205px\" \/><\/p>\n<p><strong>Valdemar V. Graciano Neto (UFG)<\/strong><\/p>\n<p><a href=\"http:\/\/lattes.cnpq.br\/9864803557706493\">Curr\u00edculo Lattes<\/a><\/p>\n<p>&nbsp;<\/p>\n<p><b>Apoio Local:<\/b><\/p>\n<p><strong>Wanessa Mendes (Est\u00e1cio)<\/strong><\/p>\n<h4>Contato<\/h4>\n<p>E-mail: valdemarneto@inf.ufg.br \/rps@uniriotec.br \/\u00a0mendes.wanessa@estacio.br<\/p>\n<p>[\/et_pb_text][\/et_pb_column][et_pb_column type=&#8221;2_3&#8243;][et_pb_text admin_label=&#8221;Comit\u00ea (a)&#8221; _builder_version=&#8221;3.3.1&#8243; background_size=&#8221;initial&#8221; background_position=&#8221;top_left&#8221; background_repeat=&#8221;repeat&#8221;]<\/p>\n<h4>Comit\u00ea Diretivo<\/h4>\n<table width=\"0\">\n<tbody>\n<tr>\n<td width=\"144\"><strong>Davi Viana<\/strong><\/td>\n<td width=\"103\">UFMA<\/td>\n<\/tr>\n<tr>\n<td width=\"144\"><strong>Igor Steinmacher<\/strong><\/td>\n<td width=\"103\">Universidade Tecnol\u00f3gica Federal do Paran\u00e1<\/td>\n<\/tr>\n<tr>\n<td width=\"144\">Campus Campo Mour\u00e3o<\/td>\n<td width=\"103\">UTFPR-CM &amp; Northern Arizona University<\/td>\n<\/tr>\n<tr>\n<td width=\"144\"><strong>Rodrigo Santos<\/strong><\/td>\n<td width=\"103\">UNIRIO<\/td>\n<\/tr>\n<\/tbody>\n<\/table>\n<p>[\/et_pb_text][et_pb_divider _builder_version=&#8221;3.3.1&#8243; divider_weight=&#8221;11&#8243; color=&#8221;rgba(92,10,143,0)&#8221; \/][et_pb_text admin_label=&#8221;Comit\u00ea (a)&#8221; _builder_version=&#8221;3.3.1&#8243; background_size=&#8221;initial&#8221; background_position=&#8221;top_left&#8221; background_repeat=&#8221;repeat&#8221;]<\/p>\n<h4>Comit\u00ea de Programa<\/h4>\n<table>\n<tbody>\n<tr>\n<td width=\"283\">Adriano Albuquerque<\/td>\n<td width=\"283\">UNIFOR<\/td>\n<\/tr>\n<tr>\n<td width=\"283\">Aline Vasconcelos<\/td>\n<td width=\"283\">IFF<\/td>\n<\/tr>\n<tr>\n<td width=\"283\">Anna Beatriz Marques<\/td>\n<td width=\"283\">UFC<\/td>\n<\/tr>\n<tr>\n<td width=\"283\">Carlos Eduardo de Barros Paes<\/td>\n<td width=\"283\">PUC-SP<\/td>\n<\/tr>\n<tr>\n<td width=\"283\">Davi Viana<\/td>\n<td width=\"283\">UFMA<\/td>\n<\/tr>\n<tr>\n<td width=\"283\">Elisa Huzita<\/td>\n<td width=\"283\">UEM<\/td>\n<\/tr>\n<tr>\n<td width=\"283\">Emilia Mendes<\/td>\n<td width=\"283\">Blekinge Institute of Technology, Sweden<\/td>\n<\/tr>\n<tr>\n<td width=\"283\">Everton Gomede<\/td>\n<td width=\"283\">UEL<\/td>\n<\/tr>\n<tr>\n<td width=\"283\">Fernando Figueira Filho<\/td>\n<td width=\"283\">UFRN<\/td>\n<\/tr>\n<tr>\n<td width=\"283\">Flavio Horita<\/td>\n<td width=\"283\">UFABC<\/td>\n<\/tr>\n<tr>\n<td width=\"283\">Gislaine Camila Leal<\/td>\n<td width=\"283\">UEM<\/td>\n<\/tr>\n<tr>\n<td width=\"283\">Gleison Santos<\/td>\n<td width=\"283\">UNIRIO<\/td>\n<\/tr>\n<tr>\n<td width=\"283\">Heitor Costa<\/td>\n<td width=\"283\">UFLA<\/td>\n<\/tr>\n<tr>\n<td width=\"283\">Ivan Machado<\/td>\n<td width=\"283\">UFBA<\/td>\n<\/tr>\n<tr>\n<td width=\"283\">Jamal El-Hachem<\/td>\n<td width=\"283\">University of Pau &amp; Pays Adour France<\/td>\n<\/tr>\n<tr>\n<td width=\"283\">Jos\u00e9 David Universidade<\/td>\n<td width=\"283\">UFJF<\/td>\n<\/tr>\n<tr>\n<td width=\"283\">Jos\u00e9 Jorge L. Dias Jr.<\/td>\n<td width=\"283\">UFPB<\/td>\n<\/tr>\n<tr>\n<td width=\"283\">Julio Leite<\/td>\n<td width=\"283\">PUC-Rio<\/td>\n<\/tr>\n<tr>\n<td width=\"283\">Milena Guessi USP<\/td>\n<td width=\"283\"><\/td>\n<\/tr>\n<tr>\n<td width=\"283\">Mohamad Kassab<\/td>\n<td width=\"283\">Pennsylvania State University USA<\/td>\n<\/tr>\n<tr>\n<td width=\"283\">Regina Braga<\/td>\n<td width=\"283\">UFJF<\/td>\n<\/tr>\n<tr>\n<td width=\"283\">Sofia Paiva<\/td>\n<td width=\"283\">UFSJ<\/td>\n<\/tr>\n<tr>\n<td width=\"283\">Vanessa Nunes<\/td>\n<td width=\"283\">UnB<\/td>\n<\/tr>\n<tr>\n<td width=\"283\">V\u00e2nia Neves<\/td>\n<td width=\"283\">UFF<\/td>\n<\/tr>\n<\/tbody>\n<\/table>\n<p>[\/et_pb_text][et_pb_divider _builder_version=&#8221;3.3.1&#8243; divider_weight=&#8221;11&#8243; color=&#8221;rgba(92,10,143,0)&#8221; \/][et_pb_text admin_label=&#8221;Comit\u00ea (a)&#8221; _builder_version=&#8221;3.3.1&#8243; background_size=&#8221;initial&#8221; background_position=&#8221;top_left&#8221; background_repeat=&#8221;repeat&#8221;]<\/p>\n<h4>Revisores Externos<\/h4>\n<table>\n<tbody>\n<tr>\n<td width=\"283\">Awdren Font\u00e3o<\/td>\n<td width=\"283\">Universidade Federal do Amazonas, UFAM<\/td>\n<\/tr>\n<tr>\n<td width=\"283\">Alessandro Machado de Ara\u00fajo<\/td>\n<td width=\"283\">Universidade Federal de Goi\u00e1s, UFG<\/td>\n<\/tr>\n<tr>\n<td width=\"283\">Vladimir Rocha<\/td>\n<td width=\"283\">UFC<\/td>\n<\/tr>\n<\/tbody>\n<\/table>\n<p>[\/et_pb_text][\/et_pb_column][\/et_pb_row][\/et_pb_section]<\/p>\n","protected":false},"excerpt":{"rendered":"<p>[et_pb_section bb_built=&#8221;1&#8243; admin_label=&#8221;Se\u00e7\u00e3o&#8221; custom_padding_last_edited=&#8221;on|desktop&#8221; _builder_version=&#8221;3.3.1&#8243; background_color=&#8221;#ffffff&#8221; background_image=&#8221;https:\/\/www4.sbc.org.br\/2019\/wp-content\/uploads\/2018\/05\/apresentacao.jpg&#8221; background_position=&#8221;top_center&#8221; custom_padding=&#8221;0px||0px|&#8221; custom_padding_tablet=&#8221;50px|0|50px|0&#8243; next_background_color=&#8221;#ffffff&#8221;][et_pb_row admin_label=&#8221;Linha&#8221; padding_mobile=&#8221;off&#8221; column_padding_mobile=&#8221;on&#8221; parallax_method_1=&#8221;off&#8221; _builder_version=&#8221;3.3.1&#8243; background_size=&#8221;initial&#8221; background_position=&#8221;top_left&#8221; background_repeat=&#8221;repeat&#8221;][et_pb_column type=&#8221;4_4&#8243;][et_pb_image admin_label=&#8221;N\u00c3O MEXA &#8211; Imagem&#8221; align=&#8221;center&#8221; always_center_on_mobile=&#8221;off&#8221; disabled_on=&#8221;on|on|&#8221; _builder_version=&#8221;3.3.1&#8243; max_width=&#8221;215px&#8221;] &nbsp; [\/et_pb_image][et_pb_text admin_label=&#8221;Texto&#8221; _builder_version=&#8221;3.3.1&#8243; background_size=&#8221;initial&#8221; background_position=&#8221;top_left&#8221; background_repeat=&#8221;repeat&#8221;] 4\u00ba WASHES [\/et_pb_text][et_pb_text admin_label=&#8221;Texto&#8221; _builder_version=&#8221;3.3.1&#8243; background_size=&#8221;initial&#8221; background_position=&#8221;top_left&#8221; background_repeat=&#8221;repeat&#8221;] Workshop sobre Aspectos Sociais, Humanos e Econ\u00f4micos de Software [\/et_pb_text][\/et_pb_column][\/et_pb_row][\/et_pb_section][et_pb_section bb_built=&#8221;1&#8243; [&hellip;]<\/p>\n","protected":false},"author":2,"featured_media":0,"parent":30239,"menu_order":0,"comment_status":"closed","ping_status":"closed","template":"","meta":{"_et_pb_use_builder":"on","_et_pb_old_content":"","_et_gb_content_width":"","footnotes":""},"class_list":["post-30586","page","type-page","status-publish","hentry"],"_links":{"self":[{"href":"https:\/\/www4.sbc.org.br\/2019\/index.php?rest_route=\/wp\/v2\/pages\/30586","targetHints":{"allow":["GET"]}}],"collection":[{"href":"https:\/\/www4.sbc.org.br\/2019\/index.php?rest_route=\/wp\/v2\/pages"}],"about":[{"href":"https:\/\/www4.sbc.org.br\/2019\/index.php?rest_route=\/wp\/v2\/types\/page"}],"author":[{"embeddable":true,"href":"https:\/\/www4.sbc.org.br\/2019\/index.php?rest_route=\/wp\/v2\/users\/2"}],"replies":[{"embeddable":true,"href":"https:\/\/www4.sbc.org.br\/2019\/index.php?rest_route=%2Fwp%2Fv2%2Fcomments&post=30586"}],"version-history":[{"count":31,"href":"https:\/\/www4.sbc.org.br\/2019\/index.php?rest_route=\/wp\/v2\/pages\/30586\/revisions"}],"predecessor-version":[{"id":33062,"href":"https:\/\/www4.sbc.org.br\/2019\/index.php?rest_route=\/wp\/v2\/pages\/30586\/revisions\/33062"}],"up":[{"embeddable":true,"href":"https:\/\/www4.sbc.org.br\/2019\/index.php?rest_route=\/wp\/v2\/pages\/30239"}],"wp:attachment":[{"href":"https:\/\/www4.sbc.org.br\/2019\/index.php?rest_route=%2Fwp%2Fv2%2Fmedia&parent=30586"}],"curies":[{"name":"wp","href":"https:\/\/api.w.org\/{rel}","templated":true}]}}