{"id":30492,"date":"2018-12-13T17:10:37","date_gmt":"2018-12-13T20:10:37","guid":{"rendered":"http:\/\/csbc2019.sbc.org.br\/?page_id=30492"},"modified":"2019-07-02T15:34:17","modified_gmt":"2019-07-02T18:34:17","slug":"4workshop-testbeds-fibre-e-cloudnext-2","status":"publish","type":"page","link":"https:\/\/www4.sbc.org.br\/2019\/?page_id=30492","title":{"rendered":"4\u00ba Workshop dos Testbeds FIBRE e CloudNEXT"},"content":{"rendered":"<p>[et_pb_section bb_built=&#8221;1&#8243; admin_label=&#8221;Se\u00e7\u00e3o&#8221; custom_padding_last_edited=&#8221;on|desktop&#8221; _builder_version=&#8221;3.3.1&#8243; background_color=&#8221;#ffffff&#8221; background_image=&#8221;https:\/\/www4.sbc.org.br\/2019\/wp-content\/uploads\/2018\/05\/apresentacao.jpg&#8221; background_position=&#8221;top_center&#8221; custom_padding=&#8221;0px||0px|&#8221; custom_padding_tablet=&#8221;50px|0|50px|0&#8243; next_background_color=&#8221;#ffffff&#8221;][et_pb_row admin_label=&#8221;Linha&#8221; padding_mobile=&#8221;off&#8221; column_padding_mobile=&#8221;on&#8221; parallax_method_1=&#8221;off&#8221; _builder_version=&#8221;3.3.1&#8243; background_size=&#8221;initial&#8221; background_position=&#8221;top_left&#8221; background_repeat=&#8221;repeat&#8221;][et_pb_column type=&#8221;4_4&#8243;][et_pb_image admin_label=&#8221;N\u00c3O MEXA &#8211; Imagem&#8221; align=&#8221;center&#8221; always_center_on_mobile=&#8221;off&#8221; disabled_on=&#8221;on|on|&#8221; _builder_version=&#8221;3.3.1&#8243; max_width=&#8221;215px&#8221;]<\/p>\n<p>&nbsp;<\/p>\n<p>[\/et_pb_image][et_pb_text admin_label=&#8221;Texto&#8221; _builder_version=&#8221;3.3.1&#8243; background_size=&#8221;initial&#8221; background_position=&#8221;top_left&#8221; background_repeat=&#8221;repeat&#8221;]<\/p>\n<h1 style=\"text-align: center;\"><span style=\"color: #ffffff;\"><strong>4\u00ba Workshop do testbed FIBRE e CloudNEXT: usando testbeds para o aprendizado de Redes de Computadores\u00a0\u00a0<\/strong><\/span><\/h1>\n<p>[\/et_pb_text][\/et_pb_column][\/et_pb_row][\/et_pb_section][et_pb_section bb_built=&#8221;1&#8243; admin_label=&#8221;Se\u00e7\u00e3o&#8221; specialty=&#8221;on&#8221; custom_padding_last_edited=&#8221;on|desktop&#8221; parallax_method_1=&#8221;off&#8221; parallax_method_2=&#8221;off&#8221; _builder_version=&#8221;3.3.1&#8243; background_color=&#8221;#ffffff&#8221; background_image=&#8221;https:\/\/www4.sbc.org.br\/2019\/wp-content\/uploads\/2018\/06\/back02.jpg&#8221; parallax=&#8221;on&#8221; custom_padding=&#8221;12px|0px|12px|0px&#8221; custom_padding_tablet=&#8221;50px|0|50px|0&#8243; prev_background_color=&#8221;#ffffff&#8221; next_background_color=&#8221;#ffffff&#8221;][et_pb_column type=&#8221;1_4&#8243;][et_pb_sidebar admin_label=&#8221;Barra Lateral&#8221; area=&#8221;sidebar-1&#8243; disabled_on=&#8221;on|on|off&#8221; _builder_version=&#8221;3.0.47&#8243; header_font=&#8221;||||&#8221; body_font=&#8221;|on||on|&#8221; show_border=&#8221;on&#8221;]<\/p>\n<p>&nbsp;<\/p>\n<p>[\/et_pb_sidebar][\/et_pb_column][et_pb_column type=&#8221;3_4&#8243; specialty_columns=&#8221;3&#8243;][et_pb_row_inner padding_mobile=&#8221;off&#8221; column_padding_mobile=&#8221;off&#8221; _builder_version=&#8221;3.3.1&#8243;][et_pb_column_inner type=&#8221;4_4&#8243; saved_specialty_column_type=&#8221;3_4&#8243;][et_pb_text admin_label=&#8221;Apresenta\u00e7\u00e3o&#8221; _builder_version=&#8221;3.3.1&#8243;]<\/p>\n<h3 class=\"comissao-title\" style=\"text-align: center;\"><img loading=\"lazy\" decoding=\"async\" class=\"\" src=\"https:\/\/www4.sbc.org.br\/2019\/wp-content\/uploads\/2018\/06\/marcador.png\" width=\"54\" height=\"60\" \/>APRESENTA\u00c7\u00c3O<\/h3>\n<div class=\"textwidget\">\n<div>\n<p>O testbed <a href=\"https:\/\/fibre.org.br\/\">FIBRE\u00a0<\/a> (Future Internet Brazilian environment for Experimentation) \u00e9 uma infraestrutura para realiza\u00e7\u00e3o de pesquisas experimentais em redes de computadores e rede de sensores, aberta para a utiliza\u00e7\u00e3o por estudantes, professores e pesquisadores que desejam testar novas arquiteturas, protocolos e aplica\u00e7\u00f5es em condi\u00e7\u00f5es pr\u00f3ximas ao mundo real. J\u00e1 o <a href=\"http:\/\/cloudlab-brasil.rnp.br\/testbed\">CloudNEXT\u00a0<\/a> (Cloud ComputiNg EXperimental Testbed), parte do projeto CloudLab-BR, possui foco na experimenta\u00e7\u00e3o em computa\u00e7\u00e3o em nuvem e provisionamento bare-metal, onde \u00e9 necess\u00e1rio um uso exclusivo do hardware computacional.<\/p>\n<p>Testbeds tamb\u00e9m podem ser muito \u00fateis no ensino de Redes de Computadores e sistemas distribu\u00eddos, tanto em aulas de laborat\u00f3rio de cursos de gradua\u00e7\u00e3o e p\u00f3s-gradua\u00e7\u00e3o como no contexto de cursos online (EAD).\u00a0 O acesso a ambientes de experimenta\u00e7\u00e3o de larga escala oferece aos alunos uma experi\u00eancia pr\u00e1tica que tipicamente n\u00e3o \u00e9 poss\u00edvel oferecer com softwares simuladores e recursos locais de uma institui\u00e7\u00e3o de ensino.<\/p>\n<\/div>\n<\/div>\n<p>&nbsp;<\/p>\n<p style=\"text-align: center;\"><a href='http:\/\/indico.rnp.br\/conferenceTimeTable.py?confId=273#20190718' class='small-button smallpurple' target=\"_blank\">PROGRAMA\u00c7\u00c3O<\/a><\/p>\n<p>[\/et_pb_text][\/et_pb_column_inner][\/et_pb_row_inner][et_pb_row_inner padding_mobile=&#8221;off&#8221; column_padding_mobile=&#8221;off&#8221; _builder_version=&#8221;3.0.47&#8243;][et_pb_column_inner type=&#8221;4_4&#8243; saved_specialty_column_type=&#8221;3_4&#8243;][et_pb_text admin_label=&#8221;Apresenta\u00e7\u00e3o&#8221; _builder_version=&#8221;3.3.1&#8243;]<\/p>\n<h3 class=\"comissao-title\" style=\"text-align: center;\"><img loading=\"lazy\" decoding=\"async\" class=\"\" src=\"https:\/\/www4.sbc.org.br\/2019\/wp-content\/uploads\/2018\/06\/marcador.png\" width=\"54\" height=\"60\" \/><strong>ESTRUTURA DO WORKSHOP<\/strong><\/h3>\n<div class=\"textwidget\">\u2022 Sess\u00e3o 1:\u00a0 FIBRE para iniciantes: introdu\u00e7\u00e3o ao testbed e apresenta\u00e7\u00e3o do novo portal de experimenta\u00e7\u00e3o e software de controle do testbed. Esta sess\u00e3o tamb\u00e9m inclui relatos de experi\u00eancias de uso do testbed por parte dos usu\u00e1rios (baseado na submiss\u00e3o de artigos).<br \/>\n\u2022 Sess\u00e3o 2:\u00a0 CloudNEXT: Apresenta\u00e7\u00e3o do novo testbed e orienta\u00e7\u00f5es de uso.<br \/>\n\u2022 Sess\u00e3o 3:\u00a0 Demonstra\u00e7\u00e3o e Hands-on: cria\u00e7\u00e3o de contas e tutorial de uso. Os participantes do workshop s\u00e3o encorajados levarem seus notebooks para atividades pr\u00e1ticas.P\u00fablico-alvo: professores e alunos de cursos de Redes de Computadores e sistemas distribu\u00eddos (n\u00edvel t\u00e9cnico, gradua\u00e7\u00e3o ou p\u00f3s-gradua\u00e7\u00e3o).<\/div>\n<p>[\/et_pb_text][\/et_pb_column_inner][\/et_pb_row_inner][\/et_pb_column][\/et_pb_section][et_pb_section bb_built=&#8221;1&#8243; _builder_version=&#8221;3.3.1&#8243; background_image=&#8221;https:\/\/www4.sbc.org.br\/2019\/wp-content\/uploads\/2019\/02\/texturaft4.png&#8221; box_shadow_style=&#8221;preset6&#8243; prev_background_color=&#8221;#ffffff&#8221;][et_pb_row _builder_version=&#8221;3.0.47&#8243; background_size=&#8221;initial&#8221; background_position=&#8221;top_left&#8221; background_repeat=&#8221;repeat&#8221;][et_pb_column type=&#8221;4_4&#8243;][et_pb_text admin_label=&#8221;Coordenadores&#8221; _builder_version=&#8221;3.3.1&#8243; background_size=&#8221;initial&#8221; background_position=&#8221;top_left&#8221; background_repeat=&#8221;repeat&#8221;]<\/p>\n<h3 style=\"text-align: center;\">Coordenadores do\u00a0<strong>4\u00ba Workshop do testbed FIBRE e CloudNEXT<\/strong><\/h3>\n<div><\/div>\n<p>[\/et_pb_text][\/et_pb_column][\/et_pb_row][et_pb_row _builder_version=&#8221;3.0.47&#8243; background_size=&#8221;initial&#8221; background_position=&#8221;top_left&#8221; background_repeat=&#8221;repeat&#8221;][et_pb_column type=&#8221;4_4&#8243;][et_pb_image src=&#8221;https:\/\/www4.sbc.org.br\/2019\/wp-content\/uploads\/2019\/04\/cabeca06prog.png&#8221; show_bottom_space=&#8221;off&#8221; _builder_version=&#8221;3.3.1&#8243;]<\/p>\n<p>&nbsp;<\/p>\n<p>[\/et_pb_image][\/et_pb_column][\/et_pb_row][et_pb_row _builder_version=&#8221;3.0.47&#8243; background_size=&#8221;initial&#8221; background_position=&#8221;top_left&#8221; background_repeat=&#8221;repeat&#8221;][et_pb_column type=&#8221;1_2&#8243;][et_pb_text _builder_version=&#8221;3.3.1&#8243;]<\/p>\n<h4 style=\"text-align: center;\"><strong>Coordenador de programa<\/strong><\/h4>\n<p style=\"text-align: center;\"><img loading=\"lazy\" decoding=\"async\" class=\"alignnone wp-image-30500\" src=\"https:\/\/www4.sbc.org.br\/2019\/wp-content\/uploads\/2018\/12\/coordenadorMarcelo.png\" alt=\"\" width=\"201\" height=\"201\" srcset=\"https:\/\/www4.sbc.org.br\/2019\/wp-content\/uploads\/2018\/12\/coordenadorMarcelo.png 358w, https:\/\/www4.sbc.org.br\/2019\/wp-content\/uploads\/2018\/12\/coordenadorMarcelo-150x150.png 150w, https:\/\/www4.sbc.org.br\/2019\/wp-content\/uploads\/2018\/12\/coordenadorMarcelo-300x300.png 300w\" sizes=\"auto, (max-width: 201px) 100vw, 201px\" \/><\/p>\n<h5 style=\"text-align: center;\">Leandro Ciuffo (RNP)<\/h5>\n<p style=\"text-align: center;\"><span style=\"color: #8300e9;\"><a style=\"color: #8300e9;\" href=\"http:\/\/lattes.cnpq.br\/0951542162499636\">Curr\u00edculo Lattes<\/a><\/span><\/p>\n<p style=\"text-align: center;\">leandro.ciuffo@rnp.br<\/p>\n<p>[\/et_pb_text][\/et_pb_column][et_pb_column type=&#8221;1_2&#8243;][et_pb_text _builder_version=&#8221;3.3.1&#8243;]<\/p>\n<h4 style=\"text-align: center;\"><strong>Coordenadora Geral<\/strong><\/h4>\n<p style=\"text-align: center;\"><img loading=\"lazy\" decoding=\"async\" class=\"alignnone wp-image-30499\" src=\"https:\/\/www4.sbc.org.br\/2019\/wp-content\/uploads\/2018\/12\/coordenadorIara.png\" alt=\"\" width=\"200\" height=\"200\" srcset=\"https:\/\/www4.sbc.org.br\/2019\/wp-content\/uploads\/2018\/12\/coordenadorIara.png 358w, https:\/\/www4.sbc.org.br\/2019\/wp-content\/uploads\/2018\/12\/coordenadorIara-150x150.png 150w, https:\/\/www4.sbc.org.br\/2019\/wp-content\/uploads\/2018\/12\/coordenadorIara-300x300.png 300w\" sizes=\"auto, (max-width: 200px) 100vw, 200px\" \/><\/p>\n<h5 style=\"text-align: center;\">Iara Machado (RNP<b>)<\/b><\/h5>\n<p style=\"text-align: center;\"><span style=\"color: #8300e9;\"><a style=\"color: #8300e9;\" href=\"http:\/\/lattes.cnpq.br\/8123092261179812\">Curr\u00edculo Lattes<\/a><\/span><\/p>\n<p style=\"text-align: center;\">iara@rnp.br<\/p>\n<p>[\/et_pb_text][\/et_pb_column][\/et_pb_row][et_pb_row _builder_version=&#8221;3.0.47&#8243; background_size=&#8221;initial&#8221; background_position=&#8221;top_left&#8221; background_repeat=&#8221;repeat&#8221;][et_pb_column type=&#8221;4_4&#8243;][et_pb_image src=&#8221;https:\/\/www4.sbc.org.br\/2019\/wp-content\/uploads\/2019\/04\/cabeca06prog.png&#8221; show_bottom_space=&#8221;off&#8221; _builder_version=&#8221;3.3.1&#8243;]<\/p>\n<p>&nbsp;<\/p>\n<p>[\/et_pb_image][\/et_pb_column][\/et_pb_row][et_pb_row _builder_version=&#8221;3.0.47&#8243; background_size=&#8221;initial&#8221; background_position=&#8221;top_left&#8221; background_repeat=&#8221;repeat&#8221;][et_pb_column type=&#8221;1_2&#8243;][et_pb_text _builder_version=&#8221;3.3.1&#8243;]<\/p>\n<h4><strong>Apoio Local<\/strong><\/h4>\n<h5>Vagner Nascimento (UNAMA)<\/h5>\n<p>blvagner@gmail.com<\/p>\n<div><\/div>\n<p>[\/et_pb_text][\/et_pb_column][et_pb_column type=&#8221;1_2&#8243;][et_pb_text _builder_version=&#8221;3.3.1&#8243;]<\/p>\n<h3><strong>Comit\u00ea de Programa<\/strong><\/h3>\n<div>&#8211; Gustavo Neves Dias (gustavo.dias@rnp.br)<\/div>\n<div>&#8211; Fausto Vetter (fausto.vetter@rnp.br)<\/div>\n<div>&#8211; Alex Moura (alex.moura@rnp.br)<\/div>\n<p>[\/et_pb_text][\/et_pb_column][\/et_pb_row][\/et_pb_section]<\/p>\n","protected":false},"excerpt":{"rendered":"<p>[et_pb_section bb_built=&#8221;1&#8243; admin_label=&#8221;Se\u00e7\u00e3o&#8221; custom_padding_last_edited=&#8221;on|desktop&#8221; _builder_version=&#8221;3.3.1&#8243; background_color=&#8221;#ffffff&#8221; background_image=&#8221;https:\/\/www4.sbc.org.br\/2019\/wp-content\/uploads\/2018\/05\/apresentacao.jpg&#8221; background_position=&#8221;top_center&#8221; custom_padding=&#8221;0px||0px|&#8221; custom_padding_tablet=&#8221;50px|0|50px|0&#8243; next_background_color=&#8221;#ffffff&#8221;][et_pb_row admin_label=&#8221;Linha&#8221; padding_mobile=&#8221;off&#8221; column_padding_mobile=&#8221;on&#8221; parallax_method_1=&#8221;off&#8221; _builder_version=&#8221;3.3.1&#8243; background_size=&#8221;initial&#8221; background_position=&#8221;top_left&#8221; background_repeat=&#8221;repeat&#8221;][et_pb_column type=&#8221;4_4&#8243;][et_pb_image admin_label=&#8221;N\u00c3O MEXA &#8211; Imagem&#8221; align=&#8221;center&#8221; always_center_on_mobile=&#8221;off&#8221; disabled_on=&#8221;on|on|&#8221; _builder_version=&#8221;3.3.1&#8243; max_width=&#8221;215px&#8221;] &nbsp; [\/et_pb_image][et_pb_text admin_label=&#8221;Texto&#8221; _builder_version=&#8221;3.3.1&#8243; background_size=&#8221;initial&#8221; background_position=&#8221;top_left&#8221; background_repeat=&#8221;repeat&#8221;] 4\u00ba Workshop do testbed FIBRE e CloudNEXT: usando testbeds para o aprendizado de Redes de Computadores\u00a0\u00a0 [\/et_pb_text][\/et_pb_column][\/et_pb_row][\/et_pb_section][et_pb_section bb_built=&#8221;1&#8243; admin_label=&#8221;Se\u00e7\u00e3o&#8221; [&hellip;]<\/p>\n","protected":false},"author":2,"featured_media":0,"parent":30239,"menu_order":0,"comment_status":"closed","ping_status":"closed","template":"","meta":{"_et_pb_use_builder":"on","_et_pb_old_content":"","_et_gb_content_width":"","footnotes":""},"class_list":["post-30492","page","type-page","status-publish","hentry"],"_links":{"self":[{"href":"https:\/\/www4.sbc.org.br\/2019\/index.php?rest_route=\/wp\/v2\/pages\/30492","targetHints":{"allow":["GET"]}}],"collection":[{"href":"https:\/\/www4.sbc.org.br\/2019\/index.php?rest_route=\/wp\/v2\/pages"}],"about":[{"href":"https:\/\/www4.sbc.org.br\/2019\/index.php?rest_route=\/wp\/v2\/types\/page"}],"author":[{"embeddable":true,"href":"https:\/\/www4.sbc.org.br\/2019\/index.php?rest_route=\/wp\/v2\/users\/2"}],"replies":[{"embeddable":true,"href":"https:\/\/www4.sbc.org.br\/2019\/index.php?rest_route=%2Fwp%2Fv2%2Fcomments&post=30492"}],"version-history":[{"count":31,"href":"https:\/\/www4.sbc.org.br\/2019\/index.php?rest_route=\/wp\/v2\/pages\/30492\/revisions"}],"predecessor-version":[{"id":32787,"href":"https:\/\/www4.sbc.org.br\/2019\/index.php?rest_route=\/wp\/v2\/pages\/30492\/revisions\/32787"}],"up":[{"embeddable":true,"href":"https:\/\/www4.sbc.org.br\/2019\/index.php?rest_route=\/wp\/v2\/pages\/30239"}],"wp:attachment":[{"href":"https:\/\/www4.sbc.org.br\/2019\/index.php?rest_route=%2Fwp%2Fv2%2Fmedia&parent=30492"}],"curies":[{"name":"wp","href":"https:\/\/api.w.org\/{rel}","templated":true}]}}